{"id":3537,"date":"2021-11-26T09:57:12","date_gmt":"2021-11-26T09:57:12","guid":{"rendered":"https:\/\/www.estilguru.com\/contacto\/"},"modified":"2025-06-05T09:39:45","modified_gmt":"2025-06-05T09:39:45","slug":"contacto","status":"publish","type":"page","link":"https:\/\/www.estilguru.com\/pt-pt\/contacto\/","title":{"rendered":"Contacto"},"content":{"rendered":"\t\t<div data-elementor-type=\"wp-page\" data-elementor-id=\"3537\" class=\"elementor elementor-3537 elementor-327\" data-elementor-settings=\"{&quot;ha_cmc_init_switcher&quot;:&quot;no&quot;}\" data-elementor-post-type=\"page\">\n\t\t\t\t\t\t<section class=\"elementor-section elementor-top-section elementor-element elementor-element-d74c578 elementor-section-boxed elementor-section-height-default elementor-section-height-default\" data-id=\"d74c578\" data-element_type=\"section\" data-e-type=\"section\" data-settings=\"{&quot;background_background&quot;:&quot;classic&quot;,&quot;_ha_eqh_enable&quot;:false}\">\n\t\t\t\t\t\t<div class=\"elementor-container elementor-column-gap-default\">\n\t\t\t\t\t<div class=\"elementor-column elementor-col-100 elementor-top-column elementor-element elementor-element-b785a65\" data-id=\"b785a65\" data-element_type=\"column\" data-e-type=\"column\">\n\t\t\t<div class=\"elementor-widget-wrap elementor-element-populated\">\n\t\t\t\t\t\t<div class=\"elementor-element elementor-element-29f3329 elementor-widget elementor-widget-heading\" data-id=\"29f3329\" data-element_type=\"widget\" data-e-type=\"widget\" data-widget_type=\"heading.default\">\n\t\t\t\t<div class=\"elementor-widget-container\">\n\t\t\t\t\t<h1 class=\"elementor-heading-title elementor-size-default\">Contacte-nos!<\/h1>\t\t\t\t<\/div>\n\t\t\t\t<\/div>\n\t\t\t\t\t<\/div>\n\t\t<\/div>\n\t\t\t\t\t<\/div>\n\t\t<\/section>\n\t\t\t\t<section class=\"elementor-section elementor-top-section elementor-element elementor-element-ad7d7da elementor-section-boxed elementor-section-height-default elementor-section-height-default\" data-id=\"ad7d7da\" data-element_type=\"section\" data-e-type=\"section\" data-settings=\"{&quot;_ha_eqh_enable&quot;:false}\">\n\t\t\t\t\t\t<div class=\"elementor-container elementor-column-gap-default\">\n\t\t\t\t\t<div class=\"elementor-column elementor-col-100 elementor-top-column elementor-element elementor-element-3915847\" data-id=\"3915847\" data-element_type=\"column\" data-e-type=\"column\">\n\t\t\t<div class=\"elementor-widget-wrap elementor-element-populated\">\n\t\t\t\t\t\t<div class=\"elementor-element elementor-element-03622ec elementor-widget elementor-widget-html\" data-id=\"03622ec\" data-element_type=\"widget\" data-e-type=\"widget\" data-widget_type=\"html.default\">\n\t\t\t\t<div class=\"elementor-widget-container\">\n\t\t\t\t\t<p class=\"wpcf7-contact-form-not-found\"><strong>Erro:<\/strong> Formul\u00e1rio de contacto n\u00e3o encontrado.<\/p>\t\t\t\t<\/div>\n\t\t\t\t<\/div>\n\t\t\t\t\t<\/div>\n\t\t<\/div>\n\t\t\t\t\t<\/div>\n\t\t<\/section>\n\t\t\t\t<section class=\"elementor-section elementor-top-section elementor-element elementor-element-2efa6ad elementor-section-boxed elementor-section-height-default elementor-section-height-default\" data-id=\"2efa6ad\" data-element_type=\"section\" data-e-type=\"section\" data-settings=\"{&quot;_ha_eqh_enable&quot;:false}\">\n\t\t\t\t\t\t<div class=\"elementor-container elementor-column-gap-default\">\n\t\t\t\t\t<div class=\"elementor-column elementor-col-100 elementor-top-column elementor-element elementor-element-86309b6\" data-id=\"86309b6\" data-element_type=\"column\" data-e-type=\"column\">\n\t\t\t<div class=\"elementor-widget-wrap elementor-element-populated\">\n\t\t\t\t\t\t<div class=\"elementor-element elementor-element-f273660 elementor-widget elementor-widget-image\" data-id=\"f273660\" data-element_type=\"widget\" data-e-type=\"widget\" data-widget_type=\"image.default\">\n\t\t\t\t<div class=\"elementor-widget-container\">\n\t\t\t\t\t\t\t\t\t\t\t\t\t\t\t<img fetchpriority=\"high\" decoding=\"async\" width=\"768\" height=\"512\" src=\"https:\/\/www.estilguru.com\/wp-content\/uploads\/2021\/11\/EMPRESA-ESTIL-GURU-1-768x512.jpg\" class=\"attachment-medium_large size-medium_large wp-image-2258\" alt=\"\" srcset=\"https:\/\/www.estilguru.com\/wp-content\/uploads\/2021\/11\/EMPRESA-ESTIL-GURU-1-768x512.jpg 768w, https:\/\/www.estilguru.com\/wp-content\/uploads\/2021\/11\/EMPRESA-ESTIL-GURU-1-scaled-600x400.jpg 600w, https:\/\/www.estilguru.com\/wp-content\/uploads\/2021\/11\/EMPRESA-ESTIL-GURU-1-300x200.jpg 300w, https:\/\/www.estilguru.com\/wp-content\/uploads\/2021\/11\/EMPRESA-ESTIL-GURU-1-1024x683.jpg 1024w, https:\/\/www.estilguru.com\/wp-content\/uploads\/2021\/11\/EMPRESA-ESTIL-GURU-1-1536x1024.jpg 1536w, https:\/\/www.estilguru.com\/wp-content\/uploads\/2021\/11\/EMPRESA-ESTIL-GURU-1-2048x1365.jpg 2048w, https:\/\/www.estilguru.com\/wp-content\/uploads\/2021\/11\/EMPRESA-ESTIL-GURU-1-scaled.jpg 2000w\" sizes=\"(max-width: 768px) 100vw, 768px\" \/>\t\t\t\t\t\t\t\t\t\t\t\t\t\t\t<\/div>\n\t\t\t\t<\/div>\n\t\t\t\t<div class=\"elementor-element elementor-element-5b7abbe elementor-widget elementor-widget-text-editor\" data-id=\"5b7abbe\" data-element_type=\"widget\" data-e-type=\"widget\" data-widget_type=\"text-editor.default\">\n\t\t\t\t<div class=\"elementor-widget-container\">\n\t\t\t\t\t\t\t\t\t<p>De acordo com o disposto nos regulamentos em vigor sobre a Prote\u00e7\u00e3o de Dados Pessoais, informamos que os seus dados ser\u00e3o incorporados no sistema de tratamento detido pela ESTIL GURU SLU com o CIF B97209662 e sede em POL. IND. EL PLA, C\/ DELS TELERS 22, 46870, ONTINYENT (VALENCIA), para responder \u00e0s suas perguntas. Em conformidade com a legisla\u00e7\u00e3o vigente, a ESTIL GURU SLU informa-te que os dados ser\u00e3o conservados pelo per\u00edodo estritamente necess\u00e1rio para cumprir os preceitos acima mencionados.<br \/>Informamos-te que trataremos os teus dados de acordo com a exist\u00eancia do teu consentimento.<br \/>A ESTIL GURU SLU informa-te que tratar\u00e1 os dados de forma l\u00edcita, leal, transparente, adequada, pertinente, limitada, exacta e actualizada. \u00c9 por isso que a ESTIL GURU SLU compromete-se a adotar todas as medidas razo\u00e1veis para que estas sejam eliminadas ou retificadas sem demora quando s\u00e3o imprecisas.<br \/>De acordo com os direitos conferidos pelas normas em vigor em mat\u00e9ria de prote\u00e7\u00e3o de dados, poder\u00e1 exercer os direitos de acesso, retifica\u00e7\u00e3o, limita\u00e7\u00e3o do tratamento, elimina\u00e7\u00e3o, portabilidade e oposi\u00e7\u00e3o ao tratamento dos seus dados pessoais, bem como o consentimento dado para o tratamento dos mesmos, direcionando o seu pedido para o endere\u00e7o postal acima indicado ou para o e-mail atencionalcliente@estilguru.com.<br \/>Informamos que pode revogar a qualquer momento o consentimento dado enviando um e-mail para o endere\u00e7o: atencionalcliente@estilguru.com.<br \/>Pode contactar a Autoridade de Controlo competente para apresentar o pedido que considere adequado.<br \/>O envio destes dados implica a aceita\u00e7\u00e3o desta cl\u00e1usula.<\/p>\n\t\t\t\t\t\t\t\t<\/div>\n\t\t\t\t<\/div>\n\t\t\t\t\t<\/div>\n\t\t<\/div>\n\t\t\t\t\t<\/div>\n\t\t<\/section>\n\t\t\t\t<section class=\"elementor-section elementor-top-section elementor-element elementor-element-2e31c5b elementor-section-boxed elementor-section-height-default elementor-section-height-default\" data-id=\"2e31c5b\" data-element_type=\"section\" data-e-type=\"section\" data-settings=\"{&quot;_ha_eqh_enable&quot;:false}\">\n\t\t\t\t\t\t<div class=\"elementor-container elementor-column-gap-default\">\n\t\t\t\t\t<div class=\"elementor-column elementor-col-100 elementor-top-column elementor-element elementor-element-d3a4472\" data-id=\"d3a4472\" data-element_type=\"column\" data-e-type=\"column\">\n\t\t\t<div class=\"elementor-widget-wrap elementor-element-populated\">\n\t\t\t\t\t\t<div class=\"elementor-element elementor-element-46bef08 elementor-widget elementor-widget-google_maps\" data-id=\"46bef08\" data-element_type=\"widget\" data-e-type=\"widget\" data-widget_type=\"google_maps.default\">\n\t\t\t\t<div class=\"elementor-widget-container\">\n\t\t\t\t\t\t\t<div class=\"elementor-custom-embed\">\n\t\t\t<iframe loading=\"lazy\"\n\t\t\t\t\tsrc=\"https:\/\/maps.google.com\/maps?q=P.l.%20El%20Pla%2C%20Carrer%20dels%20Telers%2C%2022%20-%2046870%2C%2046870%20Ontinyent%2C%20Valencia&#038;t=m&#038;z=10&#038;output=embed&#038;iwloc=near\"\n\t\t\t\t\ttitle=\"P.l. El Pla, Carrer dels Telers, 22 - 46870, 46870 Ontinyent, Valencia\"\n\t\t\t\t\taria-label=\"P.l. El Pla, Carrer dels Telers, 22 - 46870, 46870 Ontinyent, Valencia\"\n\t\t\t><\/iframe>\n\t\t<\/div>\n\t\t\t\t\t\t<\/div>\n\t\t\t\t<\/div>\n\t\t\t\t\t<\/div>\n\t\t<\/div>\n\t\t\t\t\t<\/div>\n\t\t<\/section>\n\t\t\t\t<\/div>\n\t\t","protected":false},"excerpt":{"rendered":"<p>Contacte-nos! De acordo com o disposto nos regulamentos em vigor sobre a Prote\u00e7\u00e3o de Dados Pessoais, informamos que os seus dados ser\u00e3o incorporados no sistema de tratamento detido pela ESTIL GURU SLU com o CIF B97209662 e sede em POL. IND. EL PLA, C\/ DELS TELERS 22, 46870, ONTINYENT (VALENCIA), para responder \u00e0s suas perguntas. &hellip;<\/p>\n<p class=\"read-more\"> <a class=\"\" href=\"https:\/\/www.estilguru.com\/pt-pt\/contacto\/\"> <span class=\"screen-reader-text\">Contacto<\/span> Read More &raquo;<\/a><\/p>\n","protected":false},"author":1,"featured_media":0,"parent":0,"menu_order":0,"comment_status":"closed","ping_status":"closed","template":"","meta":{"site-sidebar-layout":"no-sidebar","site-content-layout":"page-builder","ast-main-header-display":"disabled","ast-hfb-above-header-display":"","ast-hfb-below-header-display":"","ast-hfb-mobile-header-display":"","site-post-title":"disabled","ast-breadcrumbs-content":"","ast-featured-img":"disabled","footer-sml-layout":"","theme-transparent-header-meta":"default","adv-header-id-meta":"","stick-header-meta":"","header-above-stick-meta":"","header-main-stick-meta":"","header-below-stick-meta":"","footnotes":""},"class_list":["post-3537","page","type-page","status-publish","hentry"],"yoast_head":"<!-- This site is optimized with the Yoast SEO plugin v27.1.1 - https:\/\/yoast.com\/product\/yoast-seo-wordpress\/ -->\n<title>Contacto - Estil Guru<\/title>\n<meta name=\"robots\" content=\"noindex, nofollow\" \/>\n<meta property=\"og:locale\" content=\"pt_PT\" \/>\n<meta property=\"og:type\" content=\"article\" \/>\n<meta property=\"og:title\" content=\"Contacto - Estil Guru\" \/>\n<meta property=\"og:description\" content=\"Contacte-nos! De acordo com o disposto nos regulamentos em vigor sobre a Prote\u00e7\u00e3o de Dados Pessoais, informamos que os seus dados ser\u00e3o incorporados no sistema de tratamento detido pela ESTIL GURU SLU com o CIF B97209662 e sede em POL. IND. EL PLA, C\/ DELS TELERS 22, 46870, ONTINYENT (VALENCIA), para responder \u00e0s suas perguntas. &hellip; Contacto Read More &raquo;\" \/>\n<meta property=\"og:url\" content=\"https:\/\/www.estilguru.com\/pt-pt\/contacto\/\" \/>\n<meta property=\"og:site_name\" content=\"Estil Guru\" \/>\n<meta property=\"article:modified_time\" content=\"2025-06-05T09:39:45+00:00\" \/>\n<meta property=\"og:image\" content=\"https:\/\/www.estilguru.com\/wp-content\/uploads\/2021\/11\/EMPRESA-ESTIL-GURU-1-scaled.jpg\" \/>\n\t<meta property=\"og:image:width\" content=\"2000\" \/>\n\t<meta property=\"og:image:height\" content=\"1334\" \/>\n\t<meta property=\"og:image:type\" content=\"image\/jpeg\" \/>\n<meta name=\"twitter:card\" content=\"summary_large_image\" \/>\n<meta name=\"twitter:label1\" content=\"Tempo estimado de leitura\" \/>\n\t<meta name=\"twitter:data1\" content=\"1 minuto\" \/>\n<script type=\"application\/ld+json\" class=\"yoast-schema-graph\">{\"@context\":\"https:\/\/schema.org\",\"@graph\":[{\"@type\":\"WebPage\",\"@id\":\"https:\/\/www.estilguru.com\/pt-pt\/contacto\/\",\"url\":\"https:\/\/www.estilguru.com\/pt-pt\/contacto\/\",\"name\":\"Contacto - Estil Guru\",\"isPartOf\":{\"@id\":\"https:\/\/www.estilguru.com\/pt-pt\/#website\"},\"primaryImageOfPage\":{\"@id\":\"https:\/\/www.estilguru.com\/pt-pt\/contacto\/#primaryimage\"},\"image\":{\"@id\":\"https:\/\/www.estilguru.com\/pt-pt\/contacto\/#primaryimage\"},\"thumbnailUrl\":\"https:\/\/www.estilguru.com\/wp-content\/uploads\/2021\/11\/EMPRESA-ESTIL-GURU-1-768x512.jpg\",\"datePublished\":\"2021-11-26T09:57:12+00:00\",\"dateModified\":\"2025-06-05T09:39:45+00:00\",\"breadcrumb\":{\"@id\":\"https:\/\/www.estilguru.com\/pt-pt\/contacto\/#breadcrumb\"},\"inLanguage\":\"pt-PT\",\"potentialAction\":[{\"@type\":\"ReadAction\",\"target\":[\"https:\/\/www.estilguru.com\/pt-pt\/contacto\/\"]}]},{\"@type\":\"ImageObject\",\"inLanguage\":\"pt-PT\",\"@id\":\"https:\/\/www.estilguru.com\/pt-pt\/contacto\/#primaryimage\",\"url\":\"https:\/\/www.estilguru.com\/wp-content\/uploads\/2021\/11\/EMPRESA-ESTIL-GURU-1-768x512.jpg\",\"contentUrl\":\"https:\/\/www.estilguru.com\/wp-content\/uploads\/2021\/11\/EMPRESA-ESTIL-GURU-1-768x512.jpg\"},{\"@type\":\"BreadcrumbList\",\"@id\":\"https:\/\/www.estilguru.com\/pt-pt\/contacto\/#breadcrumb\",\"itemListElement\":[{\"@type\":\"ListItem\",\"position\":1,\"name\":\"Home\",\"item\":\"https:\/\/www.estilguru.com\/pt-pt\/\"},{\"@type\":\"ListItem\",\"position\":2,\"name\":\"Contacto\"}]},{\"@type\":\"WebSite\",\"@id\":\"https:\/\/www.estilguru.com\/pt-pt\/#website\",\"url\":\"https:\/\/www.estilguru.com\/pt-pt\/\",\"name\":\"Estil Guru\",\"description\":\"Sistemas de ducha e impermeabilizaci\u00f3n\",\"publisher\":{\"@id\":\"https:\/\/www.estilguru.com\/pt-pt\/#organization\"},\"potentialAction\":[{\"@type\":\"SearchAction\",\"target\":{\"@type\":\"EntryPoint\",\"urlTemplate\":\"https:\/\/www.estilguru.com\/pt-pt\/?s={search_term_string}\"},\"query-input\":{\"@type\":\"PropertyValueSpecification\",\"valueRequired\":true,\"valueName\":\"search_term_string\"}}],\"inLanguage\":\"pt-PT\"},{\"@type\":\"Organization\",\"@id\":\"https:\/\/www.estilguru.com\/pt-pt\/#organization\",\"name\":\"Estil Guru\",\"url\":\"https:\/\/www.estilguru.com\/pt-pt\/\",\"logo\":{\"@type\":\"ImageObject\",\"inLanguage\":\"pt-PT\",\"@id\":\"https:\/\/www.estilguru.com\/pt-pt\/#\/schema\/logo\/image\/\",\"url\":\"https:\/\/www.estilguru.com\/wp-content\/uploads\/2022\/09\/LOGO-GURU-horizontal-centrado-01.png\",\"contentUrl\":\"https:\/\/www.estilguru.com\/wp-content\/uploads\/2022\/09\/LOGO-GURU-horizontal-centrado-01.png\",\"width\":2000,\"height\":663,\"caption\":\"Estil Guru\"},\"image\":{\"@id\":\"https:\/\/www.estilguru.com\/pt-pt\/#\/schema\/logo\/image\/\"}}]}<\/script>\n<!-- \/ Yoast SEO plugin. -->","yoast_head_json":{"title":"Contacto - Estil Guru","robots":{"index":"noindex","follow":"nofollow"},"og_locale":"pt_PT","og_type":"article","og_title":"Contacto - Estil Guru","og_description":"Contacte-nos! De acordo com o disposto nos regulamentos em vigor sobre a Prote\u00e7\u00e3o de Dados Pessoais, informamos que os seus dados ser\u00e3o incorporados no sistema de tratamento detido pela ESTIL GURU SLU com o CIF B97209662 e sede em POL. IND. EL PLA, C\/ DELS TELERS 22, 46870, ONTINYENT (VALENCIA), para responder \u00e0s suas perguntas. &hellip; Contacto Read More &raquo;","og_url":"https:\/\/www.estilguru.com\/pt-pt\/contacto\/","og_site_name":"Estil Guru","article_modified_time":"2025-06-05T09:39:45+00:00","og_image":[{"width":2000,"height":1334,"url":"https:\/\/www.estilguru.com\/wp-content\/uploads\/2021\/11\/EMPRESA-ESTIL-GURU-1-scaled.jpg","type":"image\/jpeg"}],"twitter_card":"summary_large_image","twitter_misc":{"Tempo estimado de leitura":"1 minuto"},"schema":{"@context":"https:\/\/schema.org","@graph":[{"@type":"WebPage","@id":"https:\/\/www.estilguru.com\/pt-pt\/contacto\/","url":"https:\/\/www.estilguru.com\/pt-pt\/contacto\/","name":"Contacto - Estil Guru","isPartOf":{"@id":"https:\/\/www.estilguru.com\/pt-pt\/#website"},"primaryImageOfPage":{"@id":"https:\/\/www.estilguru.com\/pt-pt\/contacto\/#primaryimage"},"image":{"@id":"https:\/\/www.estilguru.com\/pt-pt\/contacto\/#primaryimage"},"thumbnailUrl":"https:\/\/www.estilguru.com\/wp-content\/uploads\/2021\/11\/EMPRESA-ESTIL-GURU-1-768x512.jpg","datePublished":"2021-11-26T09:57:12+00:00","dateModified":"2025-06-05T09:39:45+00:00","breadcrumb":{"@id":"https:\/\/www.estilguru.com\/pt-pt\/contacto\/#breadcrumb"},"inLanguage":"pt-PT","potentialAction":[{"@type":"ReadAction","target":["https:\/\/www.estilguru.com\/pt-pt\/contacto\/"]}]},{"@type":"ImageObject","inLanguage":"pt-PT","@id":"https:\/\/www.estilguru.com\/pt-pt\/contacto\/#primaryimage","url":"https:\/\/www.estilguru.com\/wp-content\/uploads\/2021\/11\/EMPRESA-ESTIL-GURU-1-768x512.jpg","contentUrl":"https:\/\/www.estilguru.com\/wp-content\/uploads\/2021\/11\/EMPRESA-ESTIL-GURU-1-768x512.jpg"},{"@type":"BreadcrumbList","@id":"https:\/\/www.estilguru.com\/pt-pt\/contacto\/#breadcrumb","itemListElement":[{"@type":"ListItem","position":1,"name":"Home","item":"https:\/\/www.estilguru.com\/pt-pt\/"},{"@type":"ListItem","position":2,"name":"Contacto"}]},{"@type":"WebSite","@id":"https:\/\/www.estilguru.com\/pt-pt\/#website","url":"https:\/\/www.estilguru.com\/pt-pt\/","name":"Estil Guru","description":"Sistemas de ducha e impermeabilizaci\u00f3n","publisher":{"@id":"https:\/\/www.estilguru.com\/pt-pt\/#organization"},"potentialAction":[{"@type":"SearchAction","target":{"@type":"EntryPoint","urlTemplate":"https:\/\/www.estilguru.com\/pt-pt\/?s={search_term_string}"},"query-input":{"@type":"PropertyValueSpecification","valueRequired":true,"valueName":"search_term_string"}}],"inLanguage":"pt-PT"},{"@type":"Organization","@id":"https:\/\/www.estilguru.com\/pt-pt\/#organization","name":"Estil Guru","url":"https:\/\/www.estilguru.com\/pt-pt\/","logo":{"@type":"ImageObject","inLanguage":"pt-PT","@id":"https:\/\/www.estilguru.com\/pt-pt\/#\/schema\/logo\/image\/","url":"https:\/\/www.estilguru.com\/wp-content\/uploads\/2022\/09\/LOGO-GURU-horizontal-centrado-01.png","contentUrl":"https:\/\/www.estilguru.com\/wp-content\/uploads\/2022\/09\/LOGO-GURU-horizontal-centrado-01.png","width":2000,"height":663,"caption":"Estil Guru"},"image":{"@id":"https:\/\/www.estilguru.com\/pt-pt\/#\/schema\/logo\/image\/"}}]}},"_links":{"self":[{"href":"https:\/\/www.estilguru.com\/pt-pt\/wp-json\/wp\/v2\/pages\/3537","targetHints":{"allow":["GET"]}}],"collection":[{"href":"https:\/\/www.estilguru.com\/pt-pt\/wp-json\/wp\/v2\/pages"}],"about":[{"href":"https:\/\/www.estilguru.com\/pt-pt\/wp-json\/wp\/v2\/types\/page"}],"author":[{"embeddable":true,"href":"https:\/\/www.estilguru.com\/pt-pt\/wp-json\/wp\/v2\/users\/1"}],"replies":[{"embeddable":true,"href":"https:\/\/www.estilguru.com\/pt-pt\/wp-json\/wp\/v2\/comments?post=3537"}],"version-history":[{"count":0,"href":"https:\/\/www.estilguru.com\/pt-pt\/wp-json\/wp\/v2\/pages\/3537\/revisions"}],"wp:attachment":[{"href":"https:\/\/www.estilguru.com\/pt-pt\/wp-json\/wp\/v2\/media?parent=3537"}],"curies":[{"name":"wp","href":"https:\/\/api.w.org\/{rel}","templated":true}]}}