{"id":3527,"date":"2021-11-26T09:57:11","date_gmt":"2021-11-26T09:57:11","guid":{"rendered":"https:\/\/www.estilguru.com\/contatto\/"},"modified":"2025-06-05T09:39:08","modified_gmt":"2025-06-05T09:39:08","slug":"contatto","status":"publish","type":"page","link":"https:\/\/www.estilguru.com\/it\/contatto\/","title":{"rendered":"Contatto"},"content":{"rendered":"\t\t<div data-elementor-type=\"wp-page\" data-elementor-id=\"3527\" class=\"elementor elementor-3527 elementor-327\" data-elementor-settings=\"{&quot;ha_cmc_init_switcher&quot;:&quot;no&quot;}\" data-elementor-post-type=\"page\">\n\t\t\t\t\t\t<section class=\"elementor-section elementor-top-section elementor-element elementor-element-d74c578 elementor-section-boxed elementor-section-height-default elementor-section-height-default\" data-id=\"d74c578\" data-element_type=\"section\" data-e-type=\"section\" data-settings=\"{&quot;background_background&quot;:&quot;classic&quot;,&quot;_ha_eqh_enable&quot;:false}\">\n\t\t\t\t\t\t<div class=\"elementor-container elementor-column-gap-default\">\n\t\t\t\t\t<div class=\"elementor-column elementor-col-100 elementor-top-column elementor-element elementor-element-b785a65\" data-id=\"b785a65\" data-element_type=\"column\" data-e-type=\"column\">\n\t\t\t<div class=\"elementor-widget-wrap elementor-element-populated\">\n\t\t\t\t\t\t<div class=\"elementor-element elementor-element-29f3329 elementor-widget elementor-widget-heading\" data-id=\"29f3329\" data-element_type=\"widget\" data-e-type=\"widget\" data-widget_type=\"heading.default\">\n\t\t\t\t<div class=\"elementor-widget-container\">\n\t\t\t\t\t<h1 class=\"elementor-heading-title elementor-size-default\">Contattaci!<\/h1>\t\t\t\t<\/div>\n\t\t\t\t<\/div>\n\t\t\t\t\t<\/div>\n\t\t<\/div>\n\t\t\t\t\t<\/div>\n\t\t<\/section>\n\t\t\t\t<section class=\"elementor-section elementor-top-section elementor-element elementor-element-ad7d7da elementor-section-boxed elementor-section-height-default elementor-section-height-default\" data-id=\"ad7d7da\" data-element_type=\"section\" data-e-type=\"section\" data-settings=\"{&quot;_ha_eqh_enable&quot;:false}\">\n\t\t\t\t\t\t<div class=\"elementor-container elementor-column-gap-default\">\n\t\t\t\t\t<div class=\"elementor-column elementor-col-100 elementor-top-column elementor-element elementor-element-3915847\" data-id=\"3915847\" data-element_type=\"column\" data-e-type=\"column\">\n\t\t\t<div class=\"elementor-widget-wrap elementor-element-populated\">\n\t\t\t\t\t\t<div class=\"elementor-element elementor-element-03622ec elementor-widget elementor-widget-html\" data-id=\"03622ec\" data-element_type=\"widget\" data-e-type=\"widget\" data-widget_type=\"html.default\">\n\t\t\t\t<div class=\"elementor-widget-container\">\n\t\t\t\t\t<p class=\"wpcf7-contact-form-not-found\"><strong>Errore:<\/strong> Modulo di contatto non trovato.<\/p>\t\t\t\t<\/div>\n\t\t\t\t<\/div>\n\t\t\t\t\t<\/div>\n\t\t<\/div>\n\t\t\t\t\t<\/div>\n\t\t<\/section>\n\t\t\t\t<section class=\"elementor-section elementor-top-section elementor-element elementor-element-2efa6ad elementor-section-boxed elementor-section-height-default elementor-section-height-default\" data-id=\"2efa6ad\" data-element_type=\"section\" data-e-type=\"section\" data-settings=\"{&quot;_ha_eqh_enable&quot;:false}\">\n\t\t\t\t\t\t<div class=\"elementor-container elementor-column-gap-default\">\n\t\t\t\t\t<div class=\"elementor-column elementor-col-100 elementor-top-column elementor-element elementor-element-86309b6\" data-id=\"86309b6\" data-element_type=\"column\" data-e-type=\"column\">\n\t\t\t<div class=\"elementor-widget-wrap elementor-element-populated\">\n\t\t\t\t\t\t<div class=\"elementor-element elementor-element-f273660 elementor-widget elementor-widget-image\" data-id=\"f273660\" data-element_type=\"widget\" data-e-type=\"widget\" data-widget_type=\"image.default\">\n\t\t\t\t<div class=\"elementor-widget-container\">\n\t\t\t\t\t\t\t\t\t\t\t\t\t\t\t<img fetchpriority=\"high\" decoding=\"async\" width=\"768\" height=\"512\" src=\"https:\/\/www.estilguru.com\/wp-content\/uploads\/2021\/11\/EMPRESA-ESTIL-GURU-1-768x512.jpg\" class=\"attachment-medium_large size-medium_large wp-image-2257\" alt=\"\" srcset=\"https:\/\/www.estilguru.com\/wp-content\/uploads\/2021\/11\/EMPRESA-ESTIL-GURU-1-768x512.jpg 768w, https:\/\/www.estilguru.com\/wp-content\/uploads\/2021\/11\/EMPRESA-ESTIL-GURU-1-scaled-600x400.jpg 600w, https:\/\/www.estilguru.com\/wp-content\/uploads\/2021\/11\/EMPRESA-ESTIL-GURU-1-300x200.jpg 300w, https:\/\/www.estilguru.com\/wp-content\/uploads\/2021\/11\/EMPRESA-ESTIL-GURU-1-1024x683.jpg 1024w, https:\/\/www.estilguru.com\/wp-content\/uploads\/2021\/11\/EMPRESA-ESTIL-GURU-1-1536x1024.jpg 1536w, https:\/\/www.estilguru.com\/wp-content\/uploads\/2021\/11\/EMPRESA-ESTIL-GURU-1-2048x1365.jpg 2048w, https:\/\/www.estilguru.com\/wp-content\/uploads\/2021\/11\/EMPRESA-ESTIL-GURU-1-scaled.jpg 2000w\" sizes=\"(max-width: 768px) 100vw, 768px\" \/>\t\t\t\t\t\t\t\t\t\t\t\t\t\t\t<\/div>\n\t\t\t\t<\/div>\n\t\t\t\t<div class=\"elementor-element elementor-element-5b7abbe elementor-widget elementor-widget-text-editor\" data-id=\"5b7abbe\" data-element_type=\"widget\" data-e-type=\"widget\" data-widget_type=\"text-editor.default\">\n\t\t\t\t<div class=\"elementor-widget-container\">\n\t\t\t\t\t\t\t\t\t<p>In conformit\u00e0 a quanto previsto dalla normativa vigente in materia di Protezione dei Dati Personali, La informiamo che i Suoi dati saranno inseriti nel sistema di trattamento di propriet\u00e0 di ESTIL GURU SLU con CIF B97209662 e sede legale presso POL. IND. EL PLA, C \/ DELS TELERS 22, 46870, ONTINYENT (VALENCIA), per rispondere alle tue domande. In ottemperanza alla normativa vigente, ESTIL GURU SLU ti informa che i dati saranno conservati per il periodo strettamente necessario ad adempiere ai suddetti precetti.<br \/>Ti informiamo che tratteremo i tuoi dati in conformit\u00e0 all&#8217;esistenza del tuo consenso.<br \/>ESTIL GURU SLU ti informa che tratter\u00e0 i dati in modo lecito, leale, trasparente, appropriato, rilevante, limitato, accurato e aggiornato. Ecco perch\u00e9 ESTIL GURU SLU si impegna ad adottare tutte le misure ragionevoli affinch\u00e9 queste siano soppresse o rettificate senza indugio quando sono inesatte.<br \/>In conformit\u00e0 ai diritti conferiti dalla vigente normativa in materia di protezione dei dati, Lei potr\u00e0 esercitare i diritti di accesso, rettifica, limitazione di trattamento, cancellazione, portabilit\u00e0 e opposizione al trattamento dei Suoi dati personali nonch\u00e9 il consenso prestato per il trattamento dei dati personali. lo stesso, indirizzando la sua richiesta all&#8217;indirizzo postale sopra indicato o alla mail atencionalcliente@estilguru.com.<br \/>Ti informiamo che puoi revocare il consenso prestato in qualsiasi momento inviando una mail all&#8217;indirizzo: atencionalcliente@estilguru.com.<br \/>Puoi rivolgerti all&#8217;Autorit\u00e0 di controllo competente per presentare il reclamo che ritieni opportuno.<br \/>L&#8217;invio di questi dati implica l&#8217;accettazione della presente clausola.<\/p>\n\t\t\t\t\t\t\t\t<\/div>\n\t\t\t\t<\/div>\n\t\t\t\t\t<\/div>\n\t\t<\/div>\n\t\t\t\t\t<\/div>\n\t\t<\/section>\n\t\t\t\t<section class=\"elementor-section elementor-top-section elementor-element elementor-element-2e31c5b elementor-section-boxed elementor-section-height-default elementor-section-height-default\" data-id=\"2e31c5b\" data-element_type=\"section\" data-e-type=\"section\" data-settings=\"{&quot;_ha_eqh_enable&quot;:false}\">\n\t\t\t\t\t\t<div class=\"elementor-container elementor-column-gap-default\">\n\t\t\t\t\t<div class=\"elementor-column elementor-col-100 elementor-top-column elementor-element elementor-element-d3a4472\" data-id=\"d3a4472\" data-element_type=\"column\" data-e-type=\"column\">\n\t\t\t<div class=\"elementor-widget-wrap elementor-element-populated\">\n\t\t\t\t\t\t<div class=\"elementor-element elementor-element-46bef08 elementor-widget elementor-widget-google_maps\" data-id=\"46bef08\" data-element_type=\"widget\" data-e-type=\"widget\" data-widget_type=\"google_maps.default\">\n\t\t\t\t<div class=\"elementor-widget-container\">\n\t\t\t\t\t\t\t<div class=\"elementor-custom-embed\">\n\t\t\t<iframe loading=\"lazy\"\n\t\t\t\t\tsrc=\"https:\/\/maps.google.com\/maps?q=P.l.%20El%20Pla%2C%20Carrer%20dels%20Telers%2C%2022%20-%2046870%2C%2046870%20Ontinyent%2C%20Valencia&#038;t=m&#038;z=10&#038;output=embed&#038;iwloc=near\"\n\t\t\t\t\ttitle=\"P.l. El Pla, Carrer dels Telers, 22 - 46870, 46870 Ontinyent, Valencia\"\n\t\t\t\t\taria-label=\"P.l. El Pla, Carrer dels Telers, 22 - 46870, 46870 Ontinyent, Valencia\"\n\t\t\t><\/iframe>\n\t\t<\/div>\n\t\t\t\t\t\t<\/div>\n\t\t\t\t<\/div>\n\t\t\t\t\t<\/div>\n\t\t<\/div>\n\t\t\t\t\t<\/div>\n\t\t<\/section>\n\t\t\t\t<\/div>\n\t\t","protected":false},"excerpt":{"rendered":"<p>Contattaci! In conformit\u00e0 a quanto previsto dalla normativa vigente in materia di Protezione dei Dati Personali, La informiamo che i Suoi dati saranno inseriti nel sistema di trattamento di propriet\u00e0 di ESTIL GURU SLU con CIF B97209662 e sede legale presso POL. IND. EL PLA, C \/ DELS TELERS 22, 46870, ONTINYENT (VALENCIA), per rispondere &hellip;<\/p>\n<p class=\"read-more\"> <a class=\"\" href=\"https:\/\/www.estilguru.com\/it\/contatto\/\"> <span class=\"screen-reader-text\">Contatto<\/span> Leggi altro &raquo;<\/a><\/p>\n","protected":false},"author":1,"featured_media":0,"parent":0,"menu_order":0,"comment_status":"closed","ping_status":"closed","template":"","meta":{"site-sidebar-layout":"no-sidebar","site-content-layout":"page-builder","ast-main-header-display":"disabled","ast-hfb-above-header-display":"","ast-hfb-below-header-display":"","ast-hfb-mobile-header-display":"","site-post-title":"disabled","ast-breadcrumbs-content":"","ast-featured-img":"disabled","footer-sml-layout":"","theme-transparent-header-meta":"default","adv-header-id-meta":"","stick-header-meta":"","header-above-stick-meta":"","header-main-stick-meta":"","header-below-stick-meta":"","footnotes":""},"class_list":["post-3527","page","type-page","status-publish","hentry"],"yoast_head":"<!-- This site is optimized with the Yoast SEO plugin v27.1.1 - https:\/\/yoast.com\/product\/yoast-seo-wordpress\/ -->\n<title>Contatto - Estil Guru<\/title>\n<meta name=\"robots\" content=\"noindex, nofollow\" \/>\n<meta property=\"og:locale\" content=\"it_IT\" \/>\n<meta property=\"og:type\" content=\"article\" \/>\n<meta property=\"og:title\" content=\"Contatto - Estil Guru\" \/>\n<meta property=\"og:description\" content=\"Contattaci! In conformit\u00e0 a quanto previsto dalla normativa vigente in materia di Protezione dei Dati Personali, La informiamo che i Suoi dati saranno inseriti nel sistema di trattamento di propriet\u00e0 di ESTIL GURU SLU con CIF B97209662 e sede legale presso POL. IND. EL PLA, C \/ DELS TELERS 22, 46870, ONTINYENT (VALENCIA), per rispondere &hellip; Contatto Leggi altro &raquo;\" \/>\n<meta property=\"og:url\" content=\"https:\/\/www.estilguru.com\/it\/contatto\/\" \/>\n<meta property=\"og:site_name\" content=\"Estil Guru\" \/>\n<meta property=\"article:modified_time\" content=\"2025-06-05T09:39:08+00:00\" \/>\n<meta property=\"og:image\" content=\"https:\/\/www.estilguru.com\/wp-content\/uploads\/2021\/11\/EMPRESA-ESTIL-GURU-1-scaled.jpg\" \/>\n\t<meta property=\"og:image:width\" content=\"2000\" \/>\n\t<meta property=\"og:image:height\" content=\"1334\" \/>\n\t<meta property=\"og:image:type\" content=\"image\/jpeg\" \/>\n<meta name=\"twitter:card\" content=\"summary_large_image\" \/>\n<meta name=\"twitter:label1\" content=\"Tempo di lettura stimato\" \/>\n\t<meta name=\"twitter:data1\" content=\"1 minuto\" \/>\n<script type=\"application\/ld+json\" class=\"yoast-schema-graph\">{\"@context\":\"https:\/\/schema.org\",\"@graph\":[{\"@type\":\"WebPage\",\"@id\":\"https:\/\/www.estilguru.com\/it\/contatto\/\",\"url\":\"https:\/\/www.estilguru.com\/it\/contatto\/\",\"name\":\"Contatto - Estil Guru\",\"isPartOf\":{\"@id\":\"https:\/\/www.estilguru.com\/it\/#website\"},\"primaryImageOfPage\":{\"@id\":\"https:\/\/www.estilguru.com\/it\/contatto\/#primaryimage\"},\"image\":{\"@id\":\"https:\/\/www.estilguru.com\/it\/contatto\/#primaryimage\"},\"thumbnailUrl\":\"https:\/\/www.estilguru.com\/wp-content\/uploads\/2021\/11\/EMPRESA-ESTIL-GURU-1-768x512.jpg\",\"datePublished\":\"2021-11-26T09:57:11+00:00\",\"dateModified\":\"2025-06-05T09:39:08+00:00\",\"breadcrumb\":{\"@id\":\"https:\/\/www.estilguru.com\/it\/contatto\/#breadcrumb\"},\"inLanguage\":\"it-IT\",\"potentialAction\":[{\"@type\":\"ReadAction\",\"target\":[\"https:\/\/www.estilguru.com\/it\/contatto\/\"]}]},{\"@type\":\"ImageObject\",\"inLanguage\":\"it-IT\",\"@id\":\"https:\/\/www.estilguru.com\/it\/contatto\/#primaryimage\",\"url\":\"https:\/\/www.estilguru.com\/wp-content\/uploads\/2021\/11\/EMPRESA-ESTIL-GURU-1-768x512.jpg\",\"contentUrl\":\"https:\/\/www.estilguru.com\/wp-content\/uploads\/2021\/11\/EMPRESA-ESTIL-GURU-1-768x512.jpg\"},{\"@type\":\"BreadcrumbList\",\"@id\":\"https:\/\/www.estilguru.com\/it\/contatto\/#breadcrumb\",\"itemListElement\":[{\"@type\":\"ListItem\",\"position\":1,\"name\":\"Home\",\"item\":\"https:\/\/www.estilguru.com\/it\/\"},{\"@type\":\"ListItem\",\"position\":2,\"name\":\"Contatto\"}]},{\"@type\":\"WebSite\",\"@id\":\"https:\/\/www.estilguru.com\/it\/#website\",\"url\":\"https:\/\/www.estilguru.com\/it\/\",\"name\":\"Estil Guru\",\"description\":\"Sistemas de ducha e impermeabilizaci\u00f3n\",\"publisher\":{\"@id\":\"https:\/\/www.estilguru.com\/it\/#organization\"},\"potentialAction\":[{\"@type\":\"SearchAction\",\"target\":{\"@type\":\"EntryPoint\",\"urlTemplate\":\"https:\/\/www.estilguru.com\/it\/?s={search_term_string}\"},\"query-input\":{\"@type\":\"PropertyValueSpecification\",\"valueRequired\":true,\"valueName\":\"search_term_string\"}}],\"inLanguage\":\"it-IT\"},{\"@type\":\"Organization\",\"@id\":\"https:\/\/www.estilguru.com\/it\/#organization\",\"name\":\"Estil Guru\",\"url\":\"https:\/\/www.estilguru.com\/it\/\",\"logo\":{\"@type\":\"ImageObject\",\"inLanguage\":\"it-IT\",\"@id\":\"https:\/\/www.estilguru.com\/it\/#\/schema\/logo\/image\/\",\"url\":\"https:\/\/www.estilguru.com\/wp-content\/uploads\/2022\/09\/LOGO-GURU-horizontal-centrado-01.png\",\"contentUrl\":\"https:\/\/www.estilguru.com\/wp-content\/uploads\/2022\/09\/LOGO-GURU-horizontal-centrado-01.png\",\"width\":2000,\"height\":663,\"caption\":\"Estil Guru\"},\"image\":{\"@id\":\"https:\/\/www.estilguru.com\/it\/#\/schema\/logo\/image\/\"}}]}<\/script>\n<!-- \/ Yoast SEO plugin. -->","yoast_head_json":{"title":"Contatto - Estil Guru","robots":{"index":"noindex","follow":"nofollow"},"og_locale":"it_IT","og_type":"article","og_title":"Contatto - Estil Guru","og_description":"Contattaci! In conformit\u00e0 a quanto previsto dalla normativa vigente in materia di Protezione dei Dati Personali, La informiamo che i Suoi dati saranno inseriti nel sistema di trattamento di propriet\u00e0 di ESTIL GURU SLU con CIF B97209662 e sede legale presso POL. IND. EL PLA, C \/ DELS TELERS 22, 46870, ONTINYENT (VALENCIA), per rispondere &hellip; Contatto Leggi altro &raquo;","og_url":"https:\/\/www.estilguru.com\/it\/contatto\/","og_site_name":"Estil Guru","article_modified_time":"2025-06-05T09:39:08+00:00","og_image":[{"width":2000,"height":1334,"url":"https:\/\/www.estilguru.com\/wp-content\/uploads\/2021\/11\/EMPRESA-ESTIL-GURU-1-scaled.jpg","type":"image\/jpeg"}],"twitter_card":"summary_large_image","twitter_misc":{"Tempo di lettura stimato":"1 minuto"},"schema":{"@context":"https:\/\/schema.org","@graph":[{"@type":"WebPage","@id":"https:\/\/www.estilguru.com\/it\/contatto\/","url":"https:\/\/www.estilguru.com\/it\/contatto\/","name":"Contatto - Estil Guru","isPartOf":{"@id":"https:\/\/www.estilguru.com\/it\/#website"},"primaryImageOfPage":{"@id":"https:\/\/www.estilguru.com\/it\/contatto\/#primaryimage"},"image":{"@id":"https:\/\/www.estilguru.com\/it\/contatto\/#primaryimage"},"thumbnailUrl":"https:\/\/www.estilguru.com\/wp-content\/uploads\/2021\/11\/EMPRESA-ESTIL-GURU-1-768x512.jpg","datePublished":"2021-11-26T09:57:11+00:00","dateModified":"2025-06-05T09:39:08+00:00","breadcrumb":{"@id":"https:\/\/www.estilguru.com\/it\/contatto\/#breadcrumb"},"inLanguage":"it-IT","potentialAction":[{"@type":"ReadAction","target":["https:\/\/www.estilguru.com\/it\/contatto\/"]}]},{"@type":"ImageObject","inLanguage":"it-IT","@id":"https:\/\/www.estilguru.com\/it\/contatto\/#primaryimage","url":"https:\/\/www.estilguru.com\/wp-content\/uploads\/2021\/11\/EMPRESA-ESTIL-GURU-1-768x512.jpg","contentUrl":"https:\/\/www.estilguru.com\/wp-content\/uploads\/2021\/11\/EMPRESA-ESTIL-GURU-1-768x512.jpg"},{"@type":"BreadcrumbList","@id":"https:\/\/www.estilguru.com\/it\/contatto\/#breadcrumb","itemListElement":[{"@type":"ListItem","position":1,"name":"Home","item":"https:\/\/www.estilguru.com\/it\/"},{"@type":"ListItem","position":2,"name":"Contatto"}]},{"@type":"WebSite","@id":"https:\/\/www.estilguru.com\/it\/#website","url":"https:\/\/www.estilguru.com\/it\/","name":"Estil Guru","description":"Sistemas de ducha e impermeabilizaci\u00f3n","publisher":{"@id":"https:\/\/www.estilguru.com\/it\/#organization"},"potentialAction":[{"@type":"SearchAction","target":{"@type":"EntryPoint","urlTemplate":"https:\/\/www.estilguru.com\/it\/?s={search_term_string}"},"query-input":{"@type":"PropertyValueSpecification","valueRequired":true,"valueName":"search_term_string"}}],"inLanguage":"it-IT"},{"@type":"Organization","@id":"https:\/\/www.estilguru.com\/it\/#organization","name":"Estil Guru","url":"https:\/\/www.estilguru.com\/it\/","logo":{"@type":"ImageObject","inLanguage":"it-IT","@id":"https:\/\/www.estilguru.com\/it\/#\/schema\/logo\/image\/","url":"https:\/\/www.estilguru.com\/wp-content\/uploads\/2022\/09\/LOGO-GURU-horizontal-centrado-01.png","contentUrl":"https:\/\/www.estilguru.com\/wp-content\/uploads\/2022\/09\/LOGO-GURU-horizontal-centrado-01.png","width":2000,"height":663,"caption":"Estil Guru"},"image":{"@id":"https:\/\/www.estilguru.com\/it\/#\/schema\/logo\/image\/"}}]}},"_links":{"self":[{"href":"https:\/\/www.estilguru.com\/it\/wp-json\/wp\/v2\/pages\/3527","targetHints":{"allow":["GET"]}}],"collection":[{"href":"https:\/\/www.estilguru.com\/it\/wp-json\/wp\/v2\/pages"}],"about":[{"href":"https:\/\/www.estilguru.com\/it\/wp-json\/wp\/v2\/types\/page"}],"author":[{"embeddable":true,"href":"https:\/\/www.estilguru.com\/it\/wp-json\/wp\/v2\/users\/1"}],"replies":[{"embeddable":true,"href":"https:\/\/www.estilguru.com\/it\/wp-json\/wp\/v2\/comments?post=3527"}],"version-history":[{"count":0,"href":"https:\/\/www.estilguru.com\/it\/wp-json\/wp\/v2\/pages\/3527\/revisions"}],"wp:attachment":[{"href":"https:\/\/www.estilguru.com\/it\/wp-json\/wp\/v2\/media?parent=3527"}],"curies":[{"name":"wp","href":"https:\/\/api.w.org\/{rel}","templated":true}]}}