{"id":30957,"date":"2025-03-06T14:37:54","date_gmt":"2025-10-21T10:36:10","guid":{"rendered":"https:\/\/www.estilguru.com\/producto\/raynex\/"},"modified":"2025-10-21T10:36:10","modified_gmt":"2025-10-21T10:36:10","slug":"raynex","status":"publish","type":"product","link":"https:\/\/www.estilguru.com\/cs\/producto\/raynex\/","title":{"rendered":"Raynex"},"content":{"rendered":"<p data-start=\"89\" data-end=\"366\"><strong data-start=\"92\" data-end=\"136\">Venkovn\u00ed dl\u00e1\u017ed\u011bn\u00fd \u017elab Raynex<\/strong> je dokonal\u00fdm \u0159e\u0161en\u00edm pro efektivn\u00ed a diskr\u00e9tn\u00ed odvodn\u011bn\u00ed venkovn\u00edch prostor. Jeho inovativn\u00ed konstrukce umo\u017e\u0148uje optim\u00e1ln\u00ed odtok vody, ani\u017e by m\u011bnila estetiku prost\u0159ed\u00ed, a dokonale se integruje s dla\u017ebou. <\/p>\n<p data-start=\"368\" data-end=\"635\"><strong data-start=\"382\" data-end=\"419\">M\u0159\u00ed\u017eka<\/strong> je k dispozici <strong data-start=\"382\" data-end=\"419\">z nerezov\u00e9 oceli nebo PVC,<\/strong> tak\u017ee se p\u0159izp\u016fsob\u00ed r\u016fzn\u00fdm pot\u0159eb\u00e1m a styl\u016fm a nab\u00edz\u00ed vynikaj\u00edc\u00ed odolnost a v\u00fdkon. M\u00e1 tak\u00e9 mo\u017enost <strong data-start=\"545\" data-end=\"577\">integrovan\u00e9 hydroizolace<\/strong>, kter\u00e1 zaji\u0161\u0165uje \u00faplnou ochranu proti \u00faniku vody. <\/p>\n<p data-start=\"1040\" data-end=\"1397\" data-is-last-node=\"\" data-is-only-node=\"\"><strong>RAYNEX PREMIUM<\/strong> je dokonal\u00fdm \u0159e\u0161en\u00edm pro vn\u011bj\u0161\u00ed odvodn\u011bn\u00ed s mo\u017enost\u00ed v\u00fdb\u011bru ze dvou proveden\u00ed m\u0159\u00ed\u017eek z nerezov\u00e9 oceli a s integrovanou hydroizolac\u00ed.<\/p>\n<ul>\n<li data-start=\"1040\" data-end=\"1397\">Prvn\u00ed varianta m\u00e1 jedine\u010dnou odtokovou dr\u00e1\u017eku, \u010d\u00edm\u017e se dos\u00e1hne modern\u011bj\u0161\u00edho a elegantn\u011bj\u0161\u00edho vzhledu, ani\u017e by se sn\u00ed\u017eila odtokov\u00e1 kapacita. Krom\u011b toho je jako mo\u017enost instalace k dispozici dl\u00e1\u017ed\u011bn\u00fd poklop \u0161achty, kter\u00fd umo\u017e\u0148uje \u010di\u0161t\u011bn\u00ed. <\/li>\n<li data-start=\"1040\" data-end=\"1397\">Druh\u00e1 varianta m\u00e1 dvojitou odtokovou dr\u00e1\u017eku, kter\u00e1 umo\u017e\u0148uje stoprocentn\u011b p\u0159\u00edstupnou instalaci na<br \/>\n, usnad\u0148uje \u010di\u0161t\u011bn\u00ed kan\u00e1lu a m\u016f\u017ee b\u00fdt tak\u00e9 vydl\u00e1\u017ed\u011bna, aby se dokonale hodila ke v\u0161em povrchov\u00fdm \u00faprav\u00e1m.<\/li>\n<\/ul>\n<p data-start=\"1040\" data-end=\"1397\" data-is-last-node=\"\" data-is-only-node=\"\">Po vzoru modelu RAYNEX PREMIUM p\u0159edstavujeme konkurenceschopn\u011bj\u0161\u00ed verzi s <strong>m\u0159\u00ed\u017ekou z PVC<\/strong> a tak\u00e9 s mo\u017enost\u00ed integrovan\u00e9 hydroizolace.<\/p>\n<p data-start=\"1040\" data-end=\"1397\" data-is-last-node=\"\" data-is-only-node=\"\">Jeho kompaktn\u00ed a lehk\u00e1 konstrukce s pevnou konstrukc\u00ed je schopna un\u00e9st lehk\u00fd provoz a\u017e do hmotnosti 1500 kg. D\u00edky mo\u017enosti integrovan\u00e9 dla\u017eby je nav\u00edc elegantn\u00edm a nen\u00e1padn\u00fdm \u017elabem. <\/p>\n","protected":false},"excerpt":{"rendered":"<p data-start=\"89\" data-end=\"366\"><strong data-start=\"92\" data-end=\"136\">Venkovn\u00ed dl\u00e1\u017ed\u011bn\u00fd \u017elab Raynex<\/strong> je dokonal\u00fdm \u0159e\u0161en\u00edm pro efektivn\u00ed a diskr\u00e9tn\u00ed odvodn\u011bn\u00ed venkovn\u00edch prostor. Jeho inovativn\u00ed konstrukce umo\u017e\u0148uje optim\u00e1ln\u00ed odtok vody, ani\u017e by m\u011bnila estetiku prost\u0159ed\u00ed, a dokonale se integruje s dla\u017ebou. <\/p>\n<p data-start=\"368\" data-end=\"635\"><strong data-start=\"382\" data-end=\"419\">M\u0159\u00ed\u017eka<\/strong> je k dispozici <strong data-start=\"382\" data-end=\"419\">z nerezov\u00e9 oceli nebo PVC,<\/strong> tak\u017ee se p\u0159izp\u016fsob\u00ed r\u016fzn\u00fdm pot\u0159eb\u00e1m a styl\u016fm a nab\u00edz\u00ed vynikaj\u00edc\u00ed odolnost a v\u00fdkon. M\u00e1 tak\u00e9 mo\u017enost <strong data-start=\"545\" data-end=\"577\">integrovan\u00e9 hydroizolace<\/strong>, kter\u00e1 zaji\u0161\u0165uje \u00faplnou ochranu proti \u00faniku vody. <\/p>\n<p data-start=\"453\" data-end=\"761\" data-is-last-node=\"\" data-is-only-node=\"\">\n","protected":false},"featured_media":22927,"template":"","meta":{"site-sidebar-layout":"default","site-content-layout":"default","ast-main-header-display":"","ast-hfb-above-header-display":"","ast-hfb-below-header-display":"","ast-hfb-mobile-header-display":"","site-post-title":"","ast-breadcrumbs-content":"","ast-featured-img":"","footer-sml-layout":"","theme-transparent-header-meta":"default","adv-header-id-meta":"","stick-header-meta":"","header-above-stick-meta":"","header-main-stick-meta":"","header-below-stick-meta":""},"product_brand":[],"product_cat":[320,311,321],"product_tag":[],"class_list":{"0":"post-30957","1":"product","2":"type-product","3":"status-publish","4":"has-post-thumbnail","6":"product_cat-integrovane-odtoky","7":"product_cat-produkty","8":"product_cat-terasove-odtoky","10":"first","11":"instock","12":"shipping-taxable","13":"product-type-simple"},"yoast_head":"<!-- This site is optimized with the Yoast SEO plugin v27.1.1 - https:\/\/yoast.com\/product\/yoast-seo-wordpress\/ -->\n<title>Raynex - Estil Guru<\/title>\n<meta name=\"robots\" content=\"index, follow, max-snippet:-1, max-image-preview:large, max-video-preview:-1\" \/>\n<link rel=\"canonical\" href=\"https:\/\/www.estilguru.com\/cs\/producto\/raynex\/\" \/>\n<meta property=\"og:locale\" content=\"cs_CZ\" \/>\n<meta property=\"og:type\" content=\"article\" \/>\n<meta property=\"og:title\" content=\"Raynex - Estil Guru\" \/>\n<meta property=\"og:description\" content=\"Venkovn\u00ed dl\u00e1\u017ed\u011bn\u00fd \u017elab Raynex je dokonal\u00fdm \u0159e\u0161en\u00edm pro efektivn\u00ed a diskr\u00e9tn\u00ed odvodn\u011bn\u00ed venkovn\u00edch prostor. Jeho inovativn\u00ed konstrukce umo\u017e\u0148uje optim\u00e1ln\u00ed odtok vody, ani\u017e by m\u011bnila estetiku prost\u0159ed\u00ed, a dokonale se integruje s dla\u017ebou. M\u0159\u00ed\u017eka je k dispozici z nerezov\u00e9 oceli nebo PVC, tak\u017ee se p\u0159izp\u016fsob\u00ed r\u016fzn\u00fdm pot\u0159eb\u00e1m a styl\u016fm a nab\u00edz\u00ed vynikaj\u00edc\u00ed odolnost a v\u00fdkon. M\u00e1 tak\u00e9 mo\u017enost integrovan\u00e9 hydroizolace, kter\u00e1 zaji\u0161\u0165uje \u00faplnou ochranu proti \u00faniku vody.\" \/>\n<meta property=\"og:url\" content=\"https:\/\/www.estilguru.com\/cs\/producto\/raynex\/\" \/>\n<meta property=\"og:site_name\" content=\"Estil Guru\" \/>\n<meta property=\"og:image\" content=\"https:\/\/www.estilguru.com\/wp-content\/uploads\/2025\/03\/rEJILLA-METALICA.159.jpg\" \/>\n\t<meta property=\"og:image:width\" content=\"1950\" \/>\n\t<meta property=\"og:image:height\" content=\"1364\" \/>\n\t<meta property=\"og:image:type\" content=\"image\/jpeg\" \/>\n<meta name=\"twitter:card\" content=\"summary_large_image\" \/>\n<meta name=\"twitter:label1\" content=\"Odhadovan\u00e1 doba \u010dten\u00ed\" \/>\n\t<meta name=\"twitter:data1\" content=\"1 minuta\" \/>\n<script type=\"application\/ld+json\" class=\"yoast-schema-graph\">{\"@context\":\"https:\/\/schema.org\",\"@graph\":[{\"@type\":\"WebPage\",\"@id\":\"https:\/\/www.estilguru.com\/cs\/producto\/raynex\/\",\"url\":\"https:\/\/www.estilguru.com\/cs\/producto\/raynex\/\",\"name\":\"Raynex - Estil Guru\",\"isPartOf\":{\"@id\":\"https:\/\/www.estilguru.com\/cs\/#website\"},\"primaryImageOfPage\":{\"@id\":\"https:\/\/www.estilguru.com\/cs\/producto\/raynex\/#primaryimage\"},\"image\":{\"@id\":\"https:\/\/www.estilguru.com\/cs\/producto\/raynex\/#primaryimage\"},\"thumbnailUrl\":\"https:\/\/www.estilguru.com\/wp-content\/uploads\/2025\/03\/rEJILLA-METALICA.159.jpg\",\"datePublished\":\"2025-10-21T10:36:10+00:00\",\"breadcrumb\":{\"@id\":\"https:\/\/www.estilguru.com\/cs\/producto\/raynex\/#breadcrumb\"},\"inLanguage\":\"cs\",\"potentialAction\":[{\"@type\":\"ReadAction\",\"target\":[\"https:\/\/www.estilguru.com\/cs\/producto\/raynex\/\"]}]},{\"@type\":\"ImageObject\",\"inLanguage\":\"cs\",\"@id\":\"https:\/\/www.estilguru.com\/cs\/producto\/raynex\/#primaryimage\",\"url\":\"https:\/\/www.estilguru.com\/wp-content\/uploads\/2025\/03\/rEJILLA-METALICA.159.jpg\",\"contentUrl\":\"https:\/\/www.estilguru.com\/wp-content\/uploads\/2025\/03\/rEJILLA-METALICA.159.jpg\",\"width\":1950,\"height\":1364,\"caption\":\"terasov\u00fd \u017elab\"},{\"@type\":\"BreadcrumbList\",\"@id\":\"https:\/\/www.estilguru.com\/cs\/producto\/raynex\/#breadcrumb\",\"itemListElement\":[{\"@type\":\"ListItem\",\"position\":1,\"name\":\"Home\",\"item\":\"https:\/\/www.estilguru.com\/cs\/\"},{\"@type\":\"ListItem\",\"position\":2,\"name\":\"Produkty\",\"item\":\"https:\/\/www.estilguru.com\/cs\/shop\/\"},{\"@type\":\"ListItem\",\"position\":3,\"name\":\"Raynex\"}]},{\"@type\":\"WebSite\",\"@id\":\"https:\/\/www.estilguru.com\/cs\/#website\",\"url\":\"https:\/\/www.estilguru.com\/cs\/\",\"name\":\"Estil Guru\",\"description\":\"Sistemas de ducha e impermeabilizaci\u00f3n\",\"publisher\":{\"@id\":\"https:\/\/www.estilguru.com\/cs\/#organization\"},\"potentialAction\":[{\"@type\":\"SearchAction\",\"target\":{\"@type\":\"EntryPoint\",\"urlTemplate\":\"https:\/\/www.estilguru.com\/cs\/?s={search_term_string}\"},\"query-input\":{\"@type\":\"PropertyValueSpecification\",\"valueRequired\":true,\"valueName\":\"search_term_string\"}}],\"inLanguage\":\"cs\"},{\"@type\":\"Organization\",\"@id\":\"https:\/\/www.estilguru.com\/cs\/#organization\",\"name\":\"Estil Guru\",\"url\":\"https:\/\/www.estilguru.com\/cs\/\",\"logo\":{\"@type\":\"ImageObject\",\"inLanguage\":\"cs\",\"@id\":\"https:\/\/www.estilguru.com\/cs\/#\/schema\/logo\/image\/\",\"url\":\"https:\/\/www.estilguru.com\/wp-content\/uploads\/2022\/09\/LOGO-GURU-horizontal-centrado-01.png\",\"contentUrl\":\"https:\/\/www.estilguru.com\/wp-content\/uploads\/2022\/09\/LOGO-GURU-horizontal-centrado-01.png\",\"width\":2000,\"height\":663,\"caption\":\"Estil Guru\"},\"image\":{\"@id\":\"https:\/\/www.estilguru.com\/cs\/#\/schema\/logo\/image\/\"}}]}<\/script>\n<!-- \/ Yoast SEO plugin. -->","yoast_head_json":{"title":"Raynex - Estil Guru","robots":{"index":"index","follow":"follow","max-snippet":"max-snippet:-1","max-image-preview":"max-image-preview:large","max-video-preview":"max-video-preview:-1"},"canonical":"https:\/\/www.estilguru.com\/cs\/producto\/raynex\/","og_locale":"cs_CZ","og_type":"article","og_title":"Raynex - Estil Guru","og_description":"Venkovn\u00ed dl\u00e1\u017ed\u011bn\u00fd \u017elab Raynex je dokonal\u00fdm \u0159e\u0161en\u00edm pro efektivn\u00ed a diskr\u00e9tn\u00ed odvodn\u011bn\u00ed venkovn\u00edch prostor. Jeho inovativn\u00ed konstrukce umo\u017e\u0148uje optim\u00e1ln\u00ed odtok vody, ani\u017e by m\u011bnila estetiku prost\u0159ed\u00ed, a dokonale se integruje s dla\u017ebou. M\u0159\u00ed\u017eka je k dispozici z nerezov\u00e9 oceli nebo PVC, tak\u017ee se p\u0159izp\u016fsob\u00ed r\u016fzn\u00fdm pot\u0159eb\u00e1m a styl\u016fm a nab\u00edz\u00ed vynikaj\u00edc\u00ed odolnost a v\u00fdkon. M\u00e1 tak\u00e9 mo\u017enost integrovan\u00e9 hydroizolace, kter\u00e1 zaji\u0161\u0165uje \u00faplnou ochranu proti \u00faniku vody.","og_url":"https:\/\/www.estilguru.com\/cs\/producto\/raynex\/","og_site_name":"Estil Guru","og_image":[{"width":1950,"height":1364,"url":"https:\/\/www.estilguru.com\/wp-content\/uploads\/2025\/03\/rEJILLA-METALICA.159.jpg","type":"image\/jpeg"}],"twitter_card":"summary_large_image","twitter_misc":{"Odhadovan\u00e1 doba \u010dten\u00ed":"1 minuta"},"schema":{"@context":"https:\/\/schema.org","@graph":[{"@type":"WebPage","@id":"https:\/\/www.estilguru.com\/cs\/producto\/raynex\/","url":"https:\/\/www.estilguru.com\/cs\/producto\/raynex\/","name":"Raynex - Estil Guru","isPartOf":{"@id":"https:\/\/www.estilguru.com\/cs\/#website"},"primaryImageOfPage":{"@id":"https:\/\/www.estilguru.com\/cs\/producto\/raynex\/#primaryimage"},"image":{"@id":"https:\/\/www.estilguru.com\/cs\/producto\/raynex\/#primaryimage"},"thumbnailUrl":"https:\/\/www.estilguru.com\/wp-content\/uploads\/2025\/03\/rEJILLA-METALICA.159.jpg","datePublished":"2025-10-21T10:36:10+00:00","breadcrumb":{"@id":"https:\/\/www.estilguru.com\/cs\/producto\/raynex\/#breadcrumb"},"inLanguage":"cs","potentialAction":[{"@type":"ReadAction","target":["https:\/\/www.estilguru.com\/cs\/producto\/raynex\/"]}]},{"@type":"ImageObject","inLanguage":"cs","@id":"https:\/\/www.estilguru.com\/cs\/producto\/raynex\/#primaryimage","url":"https:\/\/www.estilguru.com\/wp-content\/uploads\/2025\/03\/rEJILLA-METALICA.159.jpg","contentUrl":"https:\/\/www.estilguru.com\/wp-content\/uploads\/2025\/03\/rEJILLA-METALICA.159.jpg","width":1950,"height":1364,"caption":"terasov\u00fd \u017elab"},{"@type":"BreadcrumbList","@id":"https:\/\/www.estilguru.com\/cs\/producto\/raynex\/#breadcrumb","itemListElement":[{"@type":"ListItem","position":1,"name":"Home","item":"https:\/\/www.estilguru.com\/cs\/"},{"@type":"ListItem","position":2,"name":"Produkty","item":"https:\/\/www.estilguru.com\/cs\/shop\/"},{"@type":"ListItem","position":3,"name":"Raynex"}]},{"@type":"WebSite","@id":"https:\/\/www.estilguru.com\/cs\/#website","url":"https:\/\/www.estilguru.com\/cs\/","name":"Estil Guru","description":"Sistemas de ducha e impermeabilizaci\u00f3n","publisher":{"@id":"https:\/\/www.estilguru.com\/cs\/#organization"},"potentialAction":[{"@type":"SearchAction","target":{"@type":"EntryPoint","urlTemplate":"https:\/\/www.estilguru.com\/cs\/?s={search_term_string}"},"query-input":{"@type":"PropertyValueSpecification","valueRequired":true,"valueName":"search_term_string"}}],"inLanguage":"cs"},{"@type":"Organization","@id":"https:\/\/www.estilguru.com\/cs\/#organization","name":"Estil Guru","url":"https:\/\/www.estilguru.com\/cs\/","logo":{"@type":"ImageObject","inLanguage":"cs","@id":"https:\/\/www.estilguru.com\/cs\/#\/schema\/logo\/image\/","url":"https:\/\/www.estilguru.com\/wp-content\/uploads\/2022\/09\/LOGO-GURU-horizontal-centrado-01.png","contentUrl":"https:\/\/www.estilguru.com\/wp-content\/uploads\/2022\/09\/LOGO-GURU-horizontal-centrado-01.png","width":2000,"height":663,"caption":"Estil Guru"},"image":{"@id":"https:\/\/www.estilguru.com\/cs\/#\/schema\/logo\/image\/"}}]}},"_links":{"self":[{"href":"https:\/\/www.estilguru.com\/cs\/wp-json\/wp\/v2\/product\/30957","targetHints":{"allow":["GET"]}}],"collection":[{"href":"https:\/\/www.estilguru.com\/cs\/wp-json\/wp\/v2\/product"}],"about":[{"href":"https:\/\/www.estilguru.com\/cs\/wp-json\/wp\/v2\/types\/product"}],"version-history":[{"count":0,"href":"https:\/\/www.estilguru.com\/cs\/wp-json\/wp\/v2\/product\/30957\/revisions"}],"wp:featuredmedia":[{"embeddable":true,"href":"https:\/\/www.estilguru.com\/cs\/wp-json\/wp\/v2\/media\/22927"}],"wp:attachment":[{"href":"https:\/\/www.estilguru.com\/cs\/wp-json\/wp\/v2\/media?parent=30957"}],"wp:term":[{"taxonomy":"product_brand","embeddable":true,"href":"https:\/\/www.estilguru.com\/cs\/wp-json\/wp\/v2\/product_brand?post=30957"},{"taxonomy":"product_cat","embeddable":true,"href":"https:\/\/www.estilguru.com\/cs\/wp-json\/wp\/v2\/product_cat?post=30957"},{"taxonomy":"product_tag","embeddable":true,"href":"https:\/\/www.estilguru.com\/cs\/wp-json\/wp\/v2\/product_tag?post=30957"}],"curies":[{"name":"wp","href":"https:\/\/api.w.org\/{rel}","templated":true}]}}