{"id":30952,"date":"2025-03-04T08:12:23","date_gmt":"2025-10-21T10:36:02","guid":{"rendered":"https:\/\/www.estilguru.com\/producto\/w-s-basink-lavabo-prefabricado-alicatable\/"},"modified":"2025-10-21T10:36:02","modified_gmt":"2025-10-21T10:36:02","slug":"w-s-basink-lavabo-prefabricado-alicatable","status":"publish","type":"product","link":"https:\/\/www.estilguru.com\/cs\/producto\/w-s-basink-lavabo-prefabricado-alicatable\/","title":{"rendered":"W-S Basink &#8211; Prefabrikovan\u00e9 umyvadlo s obkladem"},"content":{"rendered":"<p>W-S BASINK je prefabrikovan\u00e9 umyvadlo, kter\u00e9 lze oblo\u017eit dla\u017edicemi a kter\u00e9 je ur\u010deno k tomu, aby se stalo v\u00fdrazn\u00fdm prvkem ka\u017ed\u00e9 koupelny. Desky W-S BOARD a n\u00e1\u0161 ro\u0161t EVOLUX INTEGRA spole\u010dn\u011b vytv\u00e1\u0159ej\u00ed umyvadlo, kter\u00e9 je pln\u011b oblo\u017een\u00e9 a pln\u011b vodot\u011bsn\u00e9. <\/p>\n<p>Baterie W-S BASINK m\u00e1 v\u00fd\u0159ez o pr\u016fm\u011bru 10 cm, co\u017e j\u00ed d\u00e1v\u00e1 velkou univerz\u00e1lnost, proto\u017ee ji lze instalovat na samotn\u00e9 umyvadlo nebo na st\u011bnu a p\u0159izp\u016fsobit ji po\u017eadovan\u00e9 velikosti. Jedine\u010dn\u00fd prvek, kter\u00fd umo\u017e\u0148uje r\u016fzn\u00e9 instalace: zav\u011b\u0161en\u00ed na st\u011bnu, na t\u0159i st\u011bny, do rohu nebo na podp\u011bry, co\u017e jsou v\u0161echno elegantn\u00ed a kreativn\u00ed mo\u017enosti. <\/p>\n<p><strong>TECHNICK\u00c9 VLASTNOSTI<\/strong><\/p>\n<ul>\n<li>Prefabrikovan\u00e9 a vodot\u011bsn\u00e9<\/li>\n<li>V\u00fd\u0159ez<\/li>\n<li>Potahovateln\u00e9<\/li>\n<li>P\u0159izp\u016fsobivost instalaci<\/li>\n<li>Dv\u011b mo\u017enosti bateri\u00ed: n\u00e1st\u011bnn\u00e1 nebo integrovan\u00e1<\/li>\n<li>Nivela\u010dn\u00ed syst\u00e9m pro snadnou instalaci<\/li>\n<\/ul>\n<p><strong>TECHNICK\u00c9 \u00daDAJE<\/strong><\/p>\n<ul>\n<li>Rozm\u011bry: 1000 x 555 x 106 mm<\/li>\n<li>Nosnost 180 kg<\/li>\n<li>Rychlost vypou\u0161t\u011bn\u00ed a\u017e 47 l\/min<\/li>\n<li>Odn\u00edmateln\u00fd sifon<\/li>\n<li>Dv\u011b mo\u017enosti sifonu: hydraulick\u00fd a such\u00fd.<\/li>\n<li>Vertik\u00e1ln\u00ed v\u00fdvod \u00d850 mm<\/li>\n<li>P\u0159ipojen\u00ed s tlakov\u00fdm t\u011bsn\u011bn\u00edm<\/li>\n<li>Vertik\u00e1ln\u00ed nastaven\u00ed<\/li>\n<\/ul>\n","protected":false},"excerpt":{"rendered":"<p>W-S BASINK je prefabrikovan\u00e9 umyvadlo, kter\u00e9 lze oblo\u017eit dla\u017edicemi a kter\u00e9 je ur\u010deno k tomu, aby se stalo v\u00fdrazn\u00fdm prvkem ka\u017ed\u00e9 koupelny. Desky W-S BOARD a n\u00e1\u0161 ro\u0161t EVOLUX INTEGRA spole\u010dn\u011b vytv\u00e1\u0159ej\u00ed umyvadlo, kter\u00e9 je pln\u011b oblo\u017een\u00e9 a pln\u011b vodot\u011bsn\u00e9. <\/p>\n","protected":false},"featured_media":22782,"template":"","meta":{"site-sidebar-layout":"default","site-content-layout":"default","ast-main-header-display":"","ast-hfb-above-header-display":"","ast-hfb-below-header-display":"","ast-hfb-mobile-header-display":"","site-post-title":"","ast-breadcrumbs-content":"","ast-featured-img":"","footer-sml-layout":"","theme-transparent-header-meta":"default","adv-header-id-meta":"","stick-header-meta":"","header-above-stick-meta":"","header-main-stick-meta":"","header-below-stick-meta":""},"product_brand":[],"product_cat":[313,311],"product_tag":[],"class_list":{"0":"post-30952","1":"product","2":"type-product","3":"status-publish","4":"has-post-thumbnail","6":"product_cat-prace-nasucho","7":"product_cat-produkty","9":"first","10":"instock","11":"shipping-taxable","12":"product-type-simple"},"yoast_head":"<!-- This site is optimized with the Yoast SEO plugin v27.1.1 - https:\/\/yoast.com\/product\/yoast-seo-wordpress\/ -->\n<title>W-S Basink - Prefabrikovan\u00e9 umyvadlo s obkladem - Estil Guru<\/title>\n<meta name=\"robots\" content=\"index, follow, max-snippet:-1, max-image-preview:large, max-video-preview:-1\" \/>\n<link rel=\"canonical\" href=\"https:\/\/www.estilguru.com\/cs\/producto\/w-s-basink-lavabo-prefabricado-alicatable\/\" \/>\n<meta property=\"og:locale\" content=\"cs_CZ\" \/>\n<meta property=\"og:type\" content=\"article\" \/>\n<meta property=\"og:title\" content=\"W-S Basink - Prefabrikovan\u00e9 umyvadlo s obkladem - Estil Guru\" \/>\n<meta property=\"og:description\" content=\"W-S BASINK je prefabrikovan\u00e9 umyvadlo, kter\u00e9 lze oblo\u017eit dla\u017edicemi a kter\u00e9 je ur\u010deno k tomu, aby se stalo v\u00fdrazn\u00fdm prvkem ka\u017ed\u00e9 koupelny. Desky W-S BOARD a n\u00e1\u0161 ro\u0161t EVOLUX INTEGRA spole\u010dn\u011b vytv\u00e1\u0159ej\u00ed umyvadlo, kter\u00e9 je pln\u011b oblo\u017een\u00e9 a pln\u011b vodot\u011bsn\u00e9.\" \/>\n<meta property=\"og:url\" content=\"https:\/\/www.estilguru.com\/cs\/producto\/w-s-basink-lavabo-prefabricado-alicatable\/\" \/>\n<meta property=\"og:site_name\" content=\"Estil Guru\" \/>\n<meta property=\"og:image\" content=\"https:\/\/www.estilguru.com\/wp-content\/uploads\/2025\/03\/lavabo-ACABADO-BOARD-CORTAR.jpg\" \/>\n\t<meta property=\"og:image:width\" content=\"1800\" \/>\n\t<meta property=\"og:image:height\" content=\"1151\" \/>\n\t<meta property=\"og:image:type\" content=\"image\/jpeg\" \/>\n<meta name=\"twitter:card\" content=\"summary_large_image\" \/>\n<meta name=\"twitter:label1\" content=\"Odhadovan\u00e1 doba \u010dten\u00ed\" \/>\n\t<meta name=\"twitter:data1\" content=\"1 minuta\" \/>\n<script type=\"application\/ld+json\" class=\"yoast-schema-graph\">{\"@context\":\"https:\/\/schema.org\",\"@graph\":[{\"@type\":\"WebPage\",\"@id\":\"https:\/\/www.estilguru.com\/cs\/producto\/w-s-basink-lavabo-prefabricado-alicatable\/\",\"url\":\"https:\/\/www.estilguru.com\/cs\/producto\/w-s-basink-lavabo-prefabricado-alicatable\/\",\"name\":\"W-S Basink - Prefabrikovan\u00e9 umyvadlo s obkladem - Estil Guru\",\"isPartOf\":{\"@id\":\"https:\/\/www.estilguru.com\/cs\/#website\"},\"primaryImageOfPage\":{\"@id\":\"https:\/\/www.estilguru.com\/cs\/producto\/w-s-basink-lavabo-prefabricado-alicatable\/#primaryimage\"},\"image\":{\"@id\":\"https:\/\/www.estilguru.com\/cs\/producto\/w-s-basink-lavabo-prefabricado-alicatable\/#primaryimage\"},\"thumbnailUrl\":\"https:\/\/www.estilguru.com\/wp-content\/uploads\/2025\/03\/lavabo-ACABADO-BOARD-CORTAR.jpg\",\"datePublished\":\"2025-10-21T10:36:02+00:00\",\"breadcrumb\":{\"@id\":\"https:\/\/www.estilguru.com\/cs\/producto\/w-s-basink-lavabo-prefabricado-alicatable\/#breadcrumb\"},\"inLanguage\":\"cs\",\"potentialAction\":[{\"@type\":\"ReadAction\",\"target\":[\"https:\/\/www.estilguru.com\/cs\/producto\/w-s-basink-lavabo-prefabricado-alicatable\/\"]}]},{\"@type\":\"ImageObject\",\"inLanguage\":\"cs\",\"@id\":\"https:\/\/www.estilguru.com\/cs\/producto\/w-s-basink-lavabo-prefabricado-alicatable\/#primaryimage\",\"url\":\"https:\/\/www.estilguru.com\/wp-content\/uploads\/2025\/03\/lavabo-ACABADO-BOARD-CORTAR.jpg\",\"contentUrl\":\"https:\/\/www.estilguru.com\/wp-content\/uploads\/2025\/03\/lavabo-ACABADO-BOARD-CORTAR.jpg\",\"width\":1800,\"height\":1151},{\"@type\":\"BreadcrumbList\",\"@id\":\"https:\/\/www.estilguru.com\/cs\/producto\/w-s-basink-lavabo-prefabricado-alicatable\/#breadcrumb\",\"itemListElement\":[{\"@type\":\"ListItem\",\"position\":1,\"name\":\"Home\",\"item\":\"https:\/\/www.estilguru.com\/cs\/\"},{\"@type\":\"ListItem\",\"position\":2,\"name\":\"Produkty\",\"item\":\"https:\/\/www.estilguru.com\/cs\/shop\/\"},{\"@type\":\"ListItem\",\"position\":3,\"name\":\"W-S Basink &#8211; Prefabrikovan\u00e9 umyvadlo s obkladem\"}]},{\"@type\":\"WebSite\",\"@id\":\"https:\/\/www.estilguru.com\/cs\/#website\",\"url\":\"https:\/\/www.estilguru.com\/cs\/\",\"name\":\"Estil Guru\",\"description\":\"Sistemas de ducha e impermeabilizaci\u00f3n\",\"publisher\":{\"@id\":\"https:\/\/www.estilguru.com\/cs\/#organization\"},\"potentialAction\":[{\"@type\":\"SearchAction\",\"target\":{\"@type\":\"EntryPoint\",\"urlTemplate\":\"https:\/\/www.estilguru.com\/cs\/?s={search_term_string}\"},\"query-input\":{\"@type\":\"PropertyValueSpecification\",\"valueRequired\":true,\"valueName\":\"search_term_string\"}}],\"inLanguage\":\"cs\"},{\"@type\":\"Organization\",\"@id\":\"https:\/\/www.estilguru.com\/cs\/#organization\",\"name\":\"Estil Guru\",\"url\":\"https:\/\/www.estilguru.com\/cs\/\",\"logo\":{\"@type\":\"ImageObject\",\"inLanguage\":\"cs\",\"@id\":\"https:\/\/www.estilguru.com\/cs\/#\/schema\/logo\/image\/\",\"url\":\"https:\/\/www.estilguru.com\/wp-content\/uploads\/2022\/09\/LOGO-GURU-horizontal-centrado-01.png\",\"contentUrl\":\"https:\/\/www.estilguru.com\/wp-content\/uploads\/2022\/09\/LOGO-GURU-horizontal-centrado-01.png\",\"width\":2000,\"height\":663,\"caption\":\"Estil Guru\"},\"image\":{\"@id\":\"https:\/\/www.estilguru.com\/cs\/#\/schema\/logo\/image\/\"}}]}<\/script>\n<!-- \/ Yoast SEO plugin. -->","yoast_head_json":{"title":"W-S Basink - Prefabrikovan\u00e9 umyvadlo s obkladem - Estil Guru","robots":{"index":"index","follow":"follow","max-snippet":"max-snippet:-1","max-image-preview":"max-image-preview:large","max-video-preview":"max-video-preview:-1"},"canonical":"https:\/\/www.estilguru.com\/cs\/producto\/w-s-basink-lavabo-prefabricado-alicatable\/","og_locale":"cs_CZ","og_type":"article","og_title":"W-S Basink - Prefabrikovan\u00e9 umyvadlo s obkladem - Estil Guru","og_description":"W-S BASINK je prefabrikovan\u00e9 umyvadlo, kter\u00e9 lze oblo\u017eit dla\u017edicemi a kter\u00e9 je ur\u010deno k tomu, aby se stalo v\u00fdrazn\u00fdm prvkem ka\u017ed\u00e9 koupelny. Desky W-S BOARD a n\u00e1\u0161 ro\u0161t EVOLUX INTEGRA spole\u010dn\u011b vytv\u00e1\u0159ej\u00ed umyvadlo, kter\u00e9 je pln\u011b oblo\u017een\u00e9 a pln\u011b vodot\u011bsn\u00e9.","og_url":"https:\/\/www.estilguru.com\/cs\/producto\/w-s-basink-lavabo-prefabricado-alicatable\/","og_site_name":"Estil Guru","og_image":[{"width":1800,"height":1151,"url":"https:\/\/www.estilguru.com\/wp-content\/uploads\/2025\/03\/lavabo-ACABADO-BOARD-CORTAR.jpg","type":"image\/jpeg"}],"twitter_card":"summary_large_image","twitter_misc":{"Odhadovan\u00e1 doba \u010dten\u00ed":"1 minuta"},"schema":{"@context":"https:\/\/schema.org","@graph":[{"@type":"WebPage","@id":"https:\/\/www.estilguru.com\/cs\/producto\/w-s-basink-lavabo-prefabricado-alicatable\/","url":"https:\/\/www.estilguru.com\/cs\/producto\/w-s-basink-lavabo-prefabricado-alicatable\/","name":"W-S Basink - Prefabrikovan\u00e9 umyvadlo s obkladem - Estil Guru","isPartOf":{"@id":"https:\/\/www.estilguru.com\/cs\/#website"},"primaryImageOfPage":{"@id":"https:\/\/www.estilguru.com\/cs\/producto\/w-s-basink-lavabo-prefabricado-alicatable\/#primaryimage"},"image":{"@id":"https:\/\/www.estilguru.com\/cs\/producto\/w-s-basink-lavabo-prefabricado-alicatable\/#primaryimage"},"thumbnailUrl":"https:\/\/www.estilguru.com\/wp-content\/uploads\/2025\/03\/lavabo-ACABADO-BOARD-CORTAR.jpg","datePublished":"2025-10-21T10:36:02+00:00","breadcrumb":{"@id":"https:\/\/www.estilguru.com\/cs\/producto\/w-s-basink-lavabo-prefabricado-alicatable\/#breadcrumb"},"inLanguage":"cs","potentialAction":[{"@type":"ReadAction","target":["https:\/\/www.estilguru.com\/cs\/producto\/w-s-basink-lavabo-prefabricado-alicatable\/"]}]},{"@type":"ImageObject","inLanguage":"cs","@id":"https:\/\/www.estilguru.com\/cs\/producto\/w-s-basink-lavabo-prefabricado-alicatable\/#primaryimage","url":"https:\/\/www.estilguru.com\/wp-content\/uploads\/2025\/03\/lavabo-ACABADO-BOARD-CORTAR.jpg","contentUrl":"https:\/\/www.estilguru.com\/wp-content\/uploads\/2025\/03\/lavabo-ACABADO-BOARD-CORTAR.jpg","width":1800,"height":1151},{"@type":"BreadcrumbList","@id":"https:\/\/www.estilguru.com\/cs\/producto\/w-s-basink-lavabo-prefabricado-alicatable\/#breadcrumb","itemListElement":[{"@type":"ListItem","position":1,"name":"Home","item":"https:\/\/www.estilguru.com\/cs\/"},{"@type":"ListItem","position":2,"name":"Produkty","item":"https:\/\/www.estilguru.com\/cs\/shop\/"},{"@type":"ListItem","position":3,"name":"W-S Basink &#8211; Prefabrikovan\u00e9 umyvadlo s obkladem"}]},{"@type":"WebSite","@id":"https:\/\/www.estilguru.com\/cs\/#website","url":"https:\/\/www.estilguru.com\/cs\/","name":"Estil Guru","description":"Sistemas de ducha e impermeabilizaci\u00f3n","publisher":{"@id":"https:\/\/www.estilguru.com\/cs\/#organization"},"potentialAction":[{"@type":"SearchAction","target":{"@type":"EntryPoint","urlTemplate":"https:\/\/www.estilguru.com\/cs\/?s={search_term_string}"},"query-input":{"@type":"PropertyValueSpecification","valueRequired":true,"valueName":"search_term_string"}}],"inLanguage":"cs"},{"@type":"Organization","@id":"https:\/\/www.estilguru.com\/cs\/#organization","name":"Estil Guru","url":"https:\/\/www.estilguru.com\/cs\/","logo":{"@type":"ImageObject","inLanguage":"cs","@id":"https:\/\/www.estilguru.com\/cs\/#\/schema\/logo\/image\/","url":"https:\/\/www.estilguru.com\/wp-content\/uploads\/2022\/09\/LOGO-GURU-horizontal-centrado-01.png","contentUrl":"https:\/\/www.estilguru.com\/wp-content\/uploads\/2022\/09\/LOGO-GURU-horizontal-centrado-01.png","width":2000,"height":663,"caption":"Estil Guru"},"image":{"@id":"https:\/\/www.estilguru.com\/cs\/#\/schema\/logo\/image\/"}}]}},"_links":{"self":[{"href":"https:\/\/www.estilguru.com\/cs\/wp-json\/wp\/v2\/product\/30952","targetHints":{"allow":["GET"]}}],"collection":[{"href":"https:\/\/www.estilguru.com\/cs\/wp-json\/wp\/v2\/product"}],"about":[{"href":"https:\/\/www.estilguru.com\/cs\/wp-json\/wp\/v2\/types\/product"}],"version-history":[{"count":0,"href":"https:\/\/www.estilguru.com\/cs\/wp-json\/wp\/v2\/product\/30952\/revisions"}],"wp:featuredmedia":[{"embeddable":true,"href":"https:\/\/www.estilguru.com\/cs\/wp-json\/wp\/v2\/media\/22782"}],"wp:attachment":[{"href":"https:\/\/www.estilguru.com\/cs\/wp-json\/wp\/v2\/media?parent=30952"}],"wp:term":[{"taxonomy":"product_brand","embeddable":true,"href":"https:\/\/www.estilguru.com\/cs\/wp-json\/wp\/v2\/product_brand?post=30952"},{"taxonomy":"product_cat","embeddable":true,"href":"https:\/\/www.estilguru.com\/cs\/wp-json\/wp\/v2\/product_cat?post=30952"},{"taxonomy":"product_tag","embeddable":true,"href":"https:\/\/www.estilguru.com\/cs\/wp-json\/wp\/v2\/product_tag?post=30952"}],"curies":[{"name":"wp","href":"https:\/\/api.w.org\/{rel}","templated":true}]}}