{"id":30950,"date":"2025-03-04T08:37:47","date_gmt":"2025-10-21T10:35:59","guid":{"rendered":"https:\/\/www.estilguru.com\/producto\/superkit-kit-creacion-y-impermeabilizacion-duchas-de-obra\/"},"modified":"2025-10-21T10:35:59","modified_gmt":"2025-10-21T10:35:59","slug":"superkit-kit-creacion-y-impermeabilizacion-duchas-de-obra","status":"publish","type":"product","link":"https:\/\/www.estilguru.com\/cs\/producto\/superkit-kit-creacion-y-impermeabilizacion-duchas-de-obra\/","title":{"rendered":"Superkit &#8211; Neviditeln\u00e1 sprchov\u00e1 vani\u010dka pro vestavn\u00e9 sprchy"},"content":{"rendered":"<article class=\"w-full text-token-text-primary focus-visible:outline-2 focus-visible:outline-offset-[-4px]\" dir=\"auto\" data-testid=\"conversation-turn-215\" data-scroll-anchor=\"true\">\n<div class=\"text-base my-auto mx-auto py-[18px] px-6\">\n<div class=\"mx-auto flex flex-1 text-base gap-4 md:gap-5 lg:gap-6 md:max-w-3xl lg:max-w-[40rem] xl:max-w-[48rem]\">\n<div class=\"group\/conversation-turn relative flex w-full min-w-0 flex-col agent-turn @xs\/thread:px-0 @sm\/thread:px-1.5 @md\/thread:px-4\">\n<div class=\"flex-col gap-1 md:gap-3\">\n<div class=\"flex max-w-full flex-col flex-grow\">\n<div class=\"min-h-8 text-message relative flex w-full flex-col items-end gap-2 whitespace-normal break-words text-start [.text-message+&amp;]:mt-5\" dir=\"auto\" data-message-author-role=\"assistant\" data-message-id=\"a6b45a96-ff3b-4d3e-9d35-7c06645256e1\" data-message-model-slug=\"gpt-4-5\">\n<div class=\"flex w-full flex-col gap-1 empty:hidden first:pt-[3px]\">\n<div class=\"markdown prose w-full break-words dark:prose-invert light\">\n<p data-start=\"216\" data-end=\"287\"><strong data-start=\"216\" data-end=\"287\">Superkit: neviditeln\u00e1, univerz\u00e1ln\u00ed a snadno instalovateln\u00e1 sprchov\u00e1 vani\u010dka<\/strong><\/p>\n<p data-start=\"289\" data-end=\"634\"><strong data-start=\"289\" data-end=\"301\">Superkit<\/strong> je ucelen\u00fd syst\u00e9m, kter\u00fd prom\u011bn\u00ed jakoukoli vestavnou sprchu v modern\u00ed, praktick\u00e9 a vizu\u00e1ln\u011b souvisl\u00e9 \u0159e\u0161en\u00ed. <strong data-start=\"458\" data-end=\"495\">Neviditeln\u00e1 sprchov\u00e1 vani\u010dka Superkit<\/strong> je d\u00edky sv\u00e9mu dla\u017eebn\u00edmu proveden\u00ed zcela integrov\u00e1na pod keramick\u00fd obklad a nab\u00edz\u00ed \u010distou a elegantn\u00ed estetiku bez vizu\u00e1ln\u00edch \u0159ez\u016f a nerovnost\u00ed. <\/p>\n<p data-start=\"636\" data-end=\"1002\">Tento syst\u00e9m obsahuje v\u0161e pot\u0159ebn\u00e9 pro rychlou a bezpe\u010dnou instalaci (krom\u011b keramiky a cementu). Prefabrikovan\u00e1 sprchov\u00e1 vani\u010dka obsahuje 2% sklon, kter\u00fd zaru\u010duje \u00fa\u010dinn\u00fd odtok vody, a jej\u00ed povrch lze snadno zkr\u00e1tit, aby se p\u0159izp\u016fsobil jak\u00e9mukoli prostoru, a to i p\u0159i slo\u017eit\u00fdch rekonstrukc\u00edch nebo v koupeln\u00e1ch nepravideln\u00fdch tvar\u016f. <\/p>\n<p data-start=\"1004\" data-end=\"1214\">Syst\u00e9m je kompatibiln\u00ed s m\u0159\u00ed\u017ekou <strong data-start=\"1027\" data-end=\"1051\">REVOLUX (v\u00fd\u0159ez<\/strong> ) nebo <strong data-start=\"1054\" data-end=\"1087\">EVOLUX INTEGRA (dla\u017eba<\/strong>) a p\u0159izp\u016fsob\u00ed se va\u0161im estetick\u00fdm preferenc\u00edm, p\u0159i\u010dem\u017e u modelu INTEGRA umo\u017e\u0148uje zcela neviditelnou instalaci.<\/p>\n<p data-start=\"1216\" data-end=\"1278\"><strong data-start=\"1216\" data-end=\"1278\">Pro\u010d si vybrat Superkit jako neviditelnou sprchovou vani\u010dku?<\/strong><\/p>\n<ul data-start=\"1280\" data-end=\"1841\">\n<li data-start=\"1280\" data-end=\"1427\">\n<p data-start=\"1282\" data-end=\"1427\"><strong data-start=\"1282\" data-end=\"1318\">Neviditeln\u00e1 a dl\u00e1\u017ed\u011bn\u00e1 konstrukce:<\/strong> vani\u010dka zmiz\u00ed pod podlahou a vytvo\u0159\u00ed souvisl\u00fd povrch ve stejn\u00e9 \u00farovni jako podlaha koupelny.<\/p>\n<\/li>\n<li data-start=\"1428\" data-end=\"1540\">\n<p data-start=\"1430\" data-end=\"1540\"><strong data-start=\"1430\" data-end=\"1464\">Jednoduch\u00e1 a rychl\u00e1 instalace:<\/strong> intuitivn\u00ed a p\u0159izp\u016fsobiv\u00fd syst\u00e9m, a to i na stavb\u00e1ch s individu\u00e1ln\u00edmi rozm\u011bry.<\/p>\n<\/li>\n<li data-start=\"1541\" data-end=\"1633\">\n<p data-start=\"1543\" data-end=\"1633\"><strong data-start=\"1543\" data-end=\"1565\">Efektivn\u00ed odvodn\u011bn\u00ed:<\/strong> Odvodn\u011bn\u00ed s vysok\u00fdm pr\u016ftokem (49 l\/min) a nejmodern\u011bj\u0161\u00edm syst\u00e9mem.<\/p>\n<\/li>\n<li data-start=\"1634\" data-end=\"1758\">\n<p data-start=\"1636\" data-end=\"1758\"><strong data-start=\"1636\" data-end=\"1678\">Maxim\u00e1ln\u00ed p\u0159\u00edstupnost a snadn\u00e9 \u010di\u0161t\u011bn\u00ed<\/strong>: Ide\u00e1ln\u00ed pro vytv\u00e1\u0159en\u00ed bezbari\u00e9rov\u00fdch prostor s minimalistickou a modern\u00ed estetikou.<\/p>\n<\/li>\n<li data-start=\"1759\" data-end=\"1841\">\n<p data-start=\"1761\" data-end=\"1841\"><strong data-start=\"1761\" data-end=\"1791\">V\u0161estrannost designu:<\/strong> p\u0159izp\u016fsobte si povrchovou \u00fapravu pomoc\u00ed sv\u00e9 obl\u00edben\u00e9 keramiky.<\/p>\n<\/li>\n<\/ul>\n<p data-start=\"1843\" data-end=\"1870\"><strong data-start=\"1843\" data-end=\"1870\">Obsah sady Superkit:<\/strong><\/p>\n<ul data-start=\"1872\" data-end=\"2160\">\n<li data-start=\"1872\" data-end=\"1961\">\n<p data-start=\"1874\" data-end=\"1961\">Prefabrikovan\u00e1 sprchov\u00e1 vani\u010dka pokryt\u00e1 polyuretanem o vysok\u00e9 hustot\u011b, se zabudovan\u00fdm sklonem.<\/p>\n<\/li>\n<li data-start=\"1962\" data-end=\"2009\">\n<p data-start=\"1964\" data-end=\"2009\">Hydroizola\u010dn\u00ed membr\u00e1na s mont\u00e1\u017e\u00ed na st\u011bnu.<\/p>\n<\/li>\n<li data-start=\"2010\" data-end=\"2087\">\n<p data-start=\"2012\" data-end=\"2087\">Pokro\u010dil\u00fd odvod\u0148ovac\u00ed syst\u00e9m s mo\u017enost\u00ed v\u00fdb\u011bru m\u0159\u00ed\u017eky REVOLUX nebo EVOLUX INTEGRA.<\/p>\n<\/li>\n<li data-start=\"2088\" data-end=\"2160\">\n<p data-start=\"2090\" data-end=\"2160\">P\u0159\u00edslu\u0161enstv\u00ed usnad\u0148uj\u00edc\u00ed instalaci a zaji\u0161\u0165uj\u00edc\u00ed vodot\u011bsnost.<\/p>\n<\/li>\n<\/ul>\n<p data-start=\"2162\" data-end=\"2191\"><strong data-start=\"2162\" data-end=\"2191\">Technick\u00e9 vlastnosti:<\/strong><\/p>\n<ul data-start=\"2193\" data-end=\"2370\">\n<li data-start=\"2193\" data-end=\"2232\">\n<p data-start=\"2195\" data-end=\"2232\">Homogenn\u00ed sklon 2 % integrovan\u00fd.<\/p>\n<\/li>\n<li data-start=\"2233\" data-end=\"2266\">\n<p data-start=\"2235\" data-end=\"2266\">Rychlost vypou\u0161t\u011bn\u00ed: 49 l\/min.<\/p>\n<\/li>\n<li data-start=\"2267\" data-end=\"2318\">\n<p data-start=\"2269\" data-end=\"2318\">\u0158ezac\u00ed deska s \u0159ez\u00e1kem, pln\u011b p\u0159izp\u016fsobiteln\u00e1.<\/p>\n<\/li>\n<li data-start=\"2319\" data-end=\"2370\">\n<p data-start=\"2321\" data-end=\"2370\">Pavla\u010dov\u00fd povrch pro neviditelnou povrchovou \u00fapravu.<\/p>\n<\/li>\n<\/ul>\n<p data-start=\"2372\" data-end=\"2550\">Se <strong data-start=\"2376\" data-end=\"2388\">sadou Superkit<\/strong> je instalace <strong data-start=\"2402\" data-end=\"2430\">neviditeln\u00e9 sprchov\u00e9 vani\u010dky<\/strong> na m\u00edst\u011b snadn\u011bj\u0161\u00ed, rychlej\u0161\u00ed a bezpe\u010dn\u011bj\u0161\u00ed ne\u017e kdykoli p\u0159edt\u00edm. Profesion\u00e1ln\u00ed \u0159e\u0161en\u00ed s dokonalou estetikou a zaru\u010den\u00fdm v\u00fdkonem. <\/p>\n<\/div>\n<\/div>\n<\/div>\n<\/div>\n<\/div>\n<\/div>\n<\/div>\n<\/div>\n<\/article>\n","protected":false},"excerpt":{"rendered":"<p><strong>Superkit<\/strong> je prefabrikovan\u00e1 neviditeln\u00e1 sprchov\u00e1 vani\u010dka s mo\u017enost\u00ed dl\u00e1\u017ed\u011bn\u00ed (ro\u0161t Integra) nebo snadn\u00e9ho vy\u0159\u00edznut\u00ed (ro\u0161t Revolux), kter\u00e1 zaru\u010duje rychlou instalaci, \u00fa\u010dinn\u00fd odtok vody a elegantn\u00ed a souvisl\u00fd povrch ve stejn\u00e9 \u00farovni jako podlaha koupelny.<\/p>\n","protected":false},"featured_media":24250,"template":"","meta":{"site-sidebar-layout":"default","site-content-layout":"default","ast-main-header-display":"","ast-hfb-above-header-display":"","ast-hfb-below-header-display":"","ast-hfb-mobile-header-display":"","site-post-title":"","ast-breadcrumbs-content":"","ast-featured-img":"","footer-sml-layout":"","theme-transparent-header-meta":"default","adv-header-id-meta":"","stick-header-meta":"","header-above-stick-meta":"","header-main-stick-meta":"","header-below-stick-meta":""},"product_brand":[],"product_cat":[313,311,319],"product_tag":[],"class_list":{"0":"post-30950","1":"product","2":"type-product","3":"status-publish","4":"has-post-thumbnail","6":"product_cat-prace-nasucho","7":"product_cat-produkty","8":"product_cat-sprchove-odtoky","10":"first","11":"instock","12":"shipping-taxable","13":"product-type-simple"},"yoast_head":"<!-- This site is optimized with the Yoast SEO plugin v27.1.1 - https:\/\/yoast.com\/product\/yoast-seo-wordpress\/ -->\n<title>Superkit - Neviditeln\u00e1 sprchov\u00e1 vani\u010dka pro vestavn\u00e9 sprchy - Estil Guru<\/title>\n<meta name=\"robots\" content=\"index, follow, max-snippet:-1, max-image-preview:large, max-video-preview:-1\" \/>\n<link rel=\"canonical\" href=\"https:\/\/www.estilguru.com\/cs\/producto\/superkit-kit-creacion-y-impermeabilizacion-duchas-de-obra\/\" \/>\n<meta property=\"og:locale\" content=\"cs_CZ\" \/>\n<meta property=\"og:type\" content=\"article\" \/>\n<meta property=\"og:title\" content=\"Superkit - Neviditeln\u00e1 sprchov\u00e1 vani\u010dka pro vestavn\u00e9 sprchy - Estil Guru\" \/>\n<meta property=\"og:description\" content=\"Superkit je prefabrikovan\u00e1 neviditeln\u00e1 sprchov\u00e1 vani\u010dka s mo\u017enost\u00ed dl\u00e1\u017ed\u011bn\u00ed (ro\u0161t Integra) nebo snadn\u00e9ho vy\u0159\u00edznut\u00ed (ro\u0161t Revolux), kter\u00e1 zaru\u010duje rychlou instalaci, \u00fa\u010dinn\u00fd odtok vody a elegantn\u00ed a souvisl\u00fd povrch ve stejn\u00e9 \u00farovni jako podlaha koupelny.\" \/>\n<meta property=\"og:url\" content=\"https:\/\/www.estilguru.com\/cs\/producto\/superkit-kit-creacion-y-impermeabilizacion-duchas-de-obra\/\" \/>\n<meta property=\"og:site_name\" content=\"Estil Guru\" \/>\n<meta property=\"og:image\" content=\"https:\/\/www.estilguru.com\/wp-content\/uploads\/2025\/03\/Captura-de-pantalla-2025-02-18-125415.jpg\" \/>\n\t<meta property=\"og:image:width\" content=\"1175\" \/>\n\t<meta property=\"og:image:height\" content=\"659\" \/>\n\t<meta property=\"og:image:type\" content=\"image\/jpeg\" \/>\n<meta name=\"twitter:card\" content=\"summary_large_image\" \/>\n<meta name=\"twitter:label1\" content=\"Odhadovan\u00e1 doba \u010dten\u00ed\" \/>\n\t<meta name=\"twitter:data1\" content=\"2 minuty\" \/>\n<script type=\"application\/ld+json\" class=\"yoast-schema-graph\">{\"@context\":\"https:\/\/schema.org\",\"@graph\":[{\"@type\":\"WebPage\",\"@id\":\"https:\/\/www.estilguru.com\/cs\/producto\/superkit-kit-creacion-y-impermeabilizacion-duchas-de-obra\/\",\"url\":\"https:\/\/www.estilguru.com\/cs\/producto\/superkit-kit-creacion-y-impermeabilizacion-duchas-de-obra\/\",\"name\":\"Superkit - Neviditeln\u00e1 sprchov\u00e1 vani\u010dka pro vestavn\u00e9 sprchy - Estil Guru\",\"isPartOf\":{\"@id\":\"https:\/\/www.estilguru.com\/cs\/#website\"},\"primaryImageOfPage\":{\"@id\":\"https:\/\/www.estilguru.com\/cs\/producto\/superkit-kit-creacion-y-impermeabilizacion-duchas-de-obra\/#primaryimage\"},\"image\":{\"@id\":\"https:\/\/www.estilguru.com\/cs\/producto\/superkit-kit-creacion-y-impermeabilizacion-duchas-de-obra\/#primaryimage\"},\"thumbnailUrl\":\"https:\/\/www.estilguru.com\/wp-content\/uploads\/2025\/03\/Captura-de-pantalla-2025-02-18-125415.jpg\",\"datePublished\":\"2025-10-21T10:35:59+00:00\",\"breadcrumb\":{\"@id\":\"https:\/\/www.estilguru.com\/cs\/producto\/superkit-kit-creacion-y-impermeabilizacion-duchas-de-obra\/#breadcrumb\"},\"inLanguage\":\"cs\",\"potentialAction\":[{\"@type\":\"ReadAction\",\"target\":[\"https:\/\/www.estilguru.com\/cs\/producto\/superkit-kit-creacion-y-impermeabilizacion-duchas-de-obra\/\"]}]},{\"@type\":\"ImageObject\",\"inLanguage\":\"cs\",\"@id\":\"https:\/\/www.estilguru.com\/cs\/producto\/superkit-kit-creacion-y-impermeabilizacion-duchas-de-obra\/#primaryimage\",\"url\":\"https:\/\/www.estilguru.com\/wp-content\/uploads\/2025\/03\/Captura-de-pantalla-2025-02-18-125415.jpg\",\"contentUrl\":\"https:\/\/www.estilguru.com\/wp-content\/uploads\/2025\/03\/Captura-de-pantalla-2025-02-18-125415.jpg\",\"width\":1175,\"height\":659},{\"@type\":\"BreadcrumbList\",\"@id\":\"https:\/\/www.estilguru.com\/cs\/producto\/superkit-kit-creacion-y-impermeabilizacion-duchas-de-obra\/#breadcrumb\",\"itemListElement\":[{\"@type\":\"ListItem\",\"position\":1,\"name\":\"Home\",\"item\":\"https:\/\/www.estilguru.com\/cs\/\"},{\"@type\":\"ListItem\",\"position\":2,\"name\":\"Produkty\",\"item\":\"https:\/\/www.estilguru.com\/cs\/shop\/\"},{\"@type\":\"ListItem\",\"position\":3,\"name\":\"Superkit &#8211; Neviditeln\u00e1 sprchov\u00e1 vani\u010dka pro vestavn\u00e9 sprchy\"}]},{\"@type\":\"WebSite\",\"@id\":\"https:\/\/www.estilguru.com\/cs\/#website\",\"url\":\"https:\/\/www.estilguru.com\/cs\/\",\"name\":\"Estil Guru\",\"description\":\"Sistemas de ducha e impermeabilizaci\u00f3n\",\"publisher\":{\"@id\":\"https:\/\/www.estilguru.com\/cs\/#organization\"},\"potentialAction\":[{\"@type\":\"SearchAction\",\"target\":{\"@type\":\"EntryPoint\",\"urlTemplate\":\"https:\/\/www.estilguru.com\/cs\/?s={search_term_string}\"},\"query-input\":{\"@type\":\"PropertyValueSpecification\",\"valueRequired\":true,\"valueName\":\"search_term_string\"}}],\"inLanguage\":\"cs\"},{\"@type\":\"Organization\",\"@id\":\"https:\/\/www.estilguru.com\/cs\/#organization\",\"name\":\"Estil Guru\",\"url\":\"https:\/\/www.estilguru.com\/cs\/\",\"logo\":{\"@type\":\"ImageObject\",\"inLanguage\":\"cs\",\"@id\":\"https:\/\/www.estilguru.com\/cs\/#\/schema\/logo\/image\/\",\"url\":\"https:\/\/www.estilguru.com\/wp-content\/uploads\/2022\/09\/LOGO-GURU-horizontal-centrado-01.png\",\"contentUrl\":\"https:\/\/www.estilguru.com\/wp-content\/uploads\/2022\/09\/LOGO-GURU-horizontal-centrado-01.png\",\"width\":2000,\"height\":663,\"caption\":\"Estil Guru\"},\"image\":{\"@id\":\"https:\/\/www.estilguru.com\/cs\/#\/schema\/logo\/image\/\"}}]}<\/script>\n<!-- \/ Yoast SEO plugin. -->","yoast_head_json":{"title":"Superkit - Neviditeln\u00e1 sprchov\u00e1 vani\u010dka pro vestavn\u00e9 sprchy - Estil Guru","robots":{"index":"index","follow":"follow","max-snippet":"max-snippet:-1","max-image-preview":"max-image-preview:large","max-video-preview":"max-video-preview:-1"},"canonical":"https:\/\/www.estilguru.com\/cs\/producto\/superkit-kit-creacion-y-impermeabilizacion-duchas-de-obra\/","og_locale":"cs_CZ","og_type":"article","og_title":"Superkit - Neviditeln\u00e1 sprchov\u00e1 vani\u010dka pro vestavn\u00e9 sprchy - Estil Guru","og_description":"Superkit je prefabrikovan\u00e1 neviditeln\u00e1 sprchov\u00e1 vani\u010dka s mo\u017enost\u00ed dl\u00e1\u017ed\u011bn\u00ed (ro\u0161t Integra) nebo snadn\u00e9ho vy\u0159\u00edznut\u00ed (ro\u0161t Revolux), kter\u00e1 zaru\u010duje rychlou instalaci, \u00fa\u010dinn\u00fd odtok vody a elegantn\u00ed a souvisl\u00fd povrch ve stejn\u00e9 \u00farovni jako podlaha koupelny.","og_url":"https:\/\/www.estilguru.com\/cs\/producto\/superkit-kit-creacion-y-impermeabilizacion-duchas-de-obra\/","og_site_name":"Estil Guru","og_image":[{"width":1175,"height":659,"url":"https:\/\/www.estilguru.com\/wp-content\/uploads\/2025\/03\/Captura-de-pantalla-2025-02-18-125415.jpg","type":"image\/jpeg"}],"twitter_card":"summary_large_image","twitter_misc":{"Odhadovan\u00e1 doba \u010dten\u00ed":"2 minuty"},"schema":{"@context":"https:\/\/schema.org","@graph":[{"@type":"WebPage","@id":"https:\/\/www.estilguru.com\/cs\/producto\/superkit-kit-creacion-y-impermeabilizacion-duchas-de-obra\/","url":"https:\/\/www.estilguru.com\/cs\/producto\/superkit-kit-creacion-y-impermeabilizacion-duchas-de-obra\/","name":"Superkit - Neviditeln\u00e1 sprchov\u00e1 vani\u010dka pro vestavn\u00e9 sprchy - Estil Guru","isPartOf":{"@id":"https:\/\/www.estilguru.com\/cs\/#website"},"primaryImageOfPage":{"@id":"https:\/\/www.estilguru.com\/cs\/producto\/superkit-kit-creacion-y-impermeabilizacion-duchas-de-obra\/#primaryimage"},"image":{"@id":"https:\/\/www.estilguru.com\/cs\/producto\/superkit-kit-creacion-y-impermeabilizacion-duchas-de-obra\/#primaryimage"},"thumbnailUrl":"https:\/\/www.estilguru.com\/wp-content\/uploads\/2025\/03\/Captura-de-pantalla-2025-02-18-125415.jpg","datePublished":"2025-10-21T10:35:59+00:00","breadcrumb":{"@id":"https:\/\/www.estilguru.com\/cs\/producto\/superkit-kit-creacion-y-impermeabilizacion-duchas-de-obra\/#breadcrumb"},"inLanguage":"cs","potentialAction":[{"@type":"ReadAction","target":["https:\/\/www.estilguru.com\/cs\/producto\/superkit-kit-creacion-y-impermeabilizacion-duchas-de-obra\/"]}]},{"@type":"ImageObject","inLanguage":"cs","@id":"https:\/\/www.estilguru.com\/cs\/producto\/superkit-kit-creacion-y-impermeabilizacion-duchas-de-obra\/#primaryimage","url":"https:\/\/www.estilguru.com\/wp-content\/uploads\/2025\/03\/Captura-de-pantalla-2025-02-18-125415.jpg","contentUrl":"https:\/\/www.estilguru.com\/wp-content\/uploads\/2025\/03\/Captura-de-pantalla-2025-02-18-125415.jpg","width":1175,"height":659},{"@type":"BreadcrumbList","@id":"https:\/\/www.estilguru.com\/cs\/producto\/superkit-kit-creacion-y-impermeabilizacion-duchas-de-obra\/#breadcrumb","itemListElement":[{"@type":"ListItem","position":1,"name":"Home","item":"https:\/\/www.estilguru.com\/cs\/"},{"@type":"ListItem","position":2,"name":"Produkty","item":"https:\/\/www.estilguru.com\/cs\/shop\/"},{"@type":"ListItem","position":3,"name":"Superkit &#8211; Neviditeln\u00e1 sprchov\u00e1 vani\u010dka pro vestavn\u00e9 sprchy"}]},{"@type":"WebSite","@id":"https:\/\/www.estilguru.com\/cs\/#website","url":"https:\/\/www.estilguru.com\/cs\/","name":"Estil Guru","description":"Sistemas de ducha e impermeabilizaci\u00f3n","publisher":{"@id":"https:\/\/www.estilguru.com\/cs\/#organization"},"potentialAction":[{"@type":"SearchAction","target":{"@type":"EntryPoint","urlTemplate":"https:\/\/www.estilguru.com\/cs\/?s={search_term_string}"},"query-input":{"@type":"PropertyValueSpecification","valueRequired":true,"valueName":"search_term_string"}}],"inLanguage":"cs"},{"@type":"Organization","@id":"https:\/\/www.estilguru.com\/cs\/#organization","name":"Estil Guru","url":"https:\/\/www.estilguru.com\/cs\/","logo":{"@type":"ImageObject","inLanguage":"cs","@id":"https:\/\/www.estilguru.com\/cs\/#\/schema\/logo\/image\/","url":"https:\/\/www.estilguru.com\/wp-content\/uploads\/2022\/09\/LOGO-GURU-horizontal-centrado-01.png","contentUrl":"https:\/\/www.estilguru.com\/wp-content\/uploads\/2022\/09\/LOGO-GURU-horizontal-centrado-01.png","width":2000,"height":663,"caption":"Estil Guru"},"image":{"@id":"https:\/\/www.estilguru.com\/cs\/#\/schema\/logo\/image\/"}}]}},"_links":{"self":[{"href":"https:\/\/www.estilguru.com\/cs\/wp-json\/wp\/v2\/product\/30950","targetHints":{"allow":["GET"]}}],"collection":[{"href":"https:\/\/www.estilguru.com\/cs\/wp-json\/wp\/v2\/product"}],"about":[{"href":"https:\/\/www.estilguru.com\/cs\/wp-json\/wp\/v2\/types\/product"}],"version-history":[{"count":0,"href":"https:\/\/www.estilguru.com\/cs\/wp-json\/wp\/v2\/product\/30950\/revisions"}],"wp:featuredmedia":[{"embeddable":true,"href":"https:\/\/www.estilguru.com\/cs\/wp-json\/wp\/v2\/media\/24250"}],"wp:attachment":[{"href":"https:\/\/www.estilguru.com\/cs\/wp-json\/wp\/v2\/media?parent=30950"}],"wp:term":[{"taxonomy":"product_brand","embeddable":true,"href":"https:\/\/www.estilguru.com\/cs\/wp-json\/wp\/v2\/product_brand?post=30950"},{"taxonomy":"product_cat","embeddable":true,"href":"https:\/\/www.estilguru.com\/cs\/wp-json\/wp\/v2\/product_cat?post=30950"},{"taxonomy":"product_tag","embeddable":true,"href":"https:\/\/www.estilguru.com\/cs\/wp-json\/wp\/v2\/product_tag?post=30950"}],"curies":[{"name":"wp","href":"https:\/\/api.w.org\/{rel}","templated":true}]}}